{"id":1966,"date":"2025-11-20T18:43:35","date_gmt":"2025-11-20T21:43:35","guid":{"rendered":"https:\/\/iesgualeguay-ers.infd.edu.ar\/sitio\/?page_id=1966"},"modified":"2026-08-06T18:32:04","modified_gmt":"2026-08-06T21:32:04","slug":"concursos","status":"publish","type":"page","link":"https:\/\/iesgualeguay-ers.infd.edu.ar\/sitio\/concursos\/","title":{"rendered":"Concursos"},"content":{"rendered":"\n<p><strong>La Rector\u00eda del Instituto de Ense\u00f1anza Superior \u201cDr. Luis F. Leloir\u201d<\/strong><\/p>\n\n\n\n<p><strong>LLAMA A CONCURSO seg\u00fan Resoluciones N. \u00ba 2300\/12, N. \u00b0 1471\/16 CGE, N. y Res. 1500\/22 CGE, Resoluci\u00f3n N\u00ba 2000\/22 CGE, Res N: 3535\/23 CGE, Circular N\u00ba 6\/24 JC, Res N\u00ba: 708\/25 CGE y la Circular 05\/25 JC. Circular 08\/25 JC. Res. 708\/25 CGE.<\/strong><\/p>\n\n\n\n<p><strong>Nivel: Superior&nbsp;&nbsp;&nbsp;&nbsp;&nbsp;<\/strong><\/p>\n\n\n\n<p><strong>Formaci\u00f3n Docente. Carpeta de Antecedentes. T\u00edtulo&nbsp; inscripto en el Consejo General de Educaci\u00f3n.&nbsp;<\/strong><strong>Por 3 (tres) d\u00edas h\u00e1biles desde el 6\/08\/2026 al 10\/08\/2026.<\/strong><\/p>\n\n\n\n<p><strong>Primer Llamado<\/strong><\/p>\n\n\n\n<p><strong><u>Profesorado de Educaci\u00f3n Secundaria en Matem\u00e1tica&nbsp;<\/u><\/strong><strong><u>\u2013&nbsp;<\/u><\/strong><strong><u>Res. N. \u00b0 0764\/14 CGE y Res. N. \u00b0 0725\/15 CGE.<\/u><\/strong><\/p>\n\n\n\n<p><strong>&nbsp;-Modelizaci\u00f3n Matem\u00e1tica de las Ciencias (Seminario) \u2013&nbsp; 4 hs. 4\u00ba a\u00f1o STF \u2013C\u00e1tedra no com-partida. Plazas N\u00ba: 633049-822526-822608<\/strong><\/p>\n\n\n\n<p><strong>Horario: \u2013 jueves de 20:50 a 22:10 hs y viernes 19:25 a 20:05 hs, de 20:05 a 20:45 hs.&nbsp;<\/strong><\/p>\n\n\n\n<p><strong>Perfil, seg\u00fan Resoluci\u00f3n N. \u00ba 245-17 JC:<\/strong><\/p>\n\n\n\n<p><strong>Profesor de\/en: Matem\u00e1tica u hom\u00f3logos. Matem\u00e1tica, F\u00edsica y Cosmograf\u00eda. Educaci\u00f3n Secundaria en Matem\u00e1tica. Ciencias Exactas y Aplicadas. Ciencias Matem\u00e1ticas y F\u00edsica. Matem\u00e1tica y Astronom\u00eda. Matem\u00e1tica y Cosmograf\u00eda. Matem\u00e1tica y Qu\u00edmica. Matem\u00e1tica, F\u00edsica y Qu\u00edmica.<\/strong><\/p>\n\n\n\n<p><strong>Licenciado en Matem\u00e1tica Aplicada. Licenciado en Matem\u00e1tica Pura. Licenciado en Ciencias F\u00edsica y Matem\u00e1tica. Ingenieros. Agrimensor. Estad\u00edstico Matem\u00e1tico.<\/strong><\/p>\n\n\n\n<p><strong>Los horarios son inamovibles a solicitud de los interesados.<\/strong><\/p>\n\n\n\n<p><strong>Lugar del concurso: Secretar\u00eda del I.E.S 4\u00ba PISO \u2013 Corrientes 198 \u2013 Gualeguay<\/strong><\/p>\n\n\n\n<p><strong>Fecha del concurso: d\u00edas h\u00e1biles desde el 06\/08\/2026 al 10\/08\/2026.<\/strong><\/p>\n\n\n\n<p><strong>Horario: de 17:00 a 22:00 horas<\/strong><\/p>\n\n\n\n<p><strong>Gualeguay, 5 de agosto de 2026.<\/strong><\/p>\n\n\n<div class=\"wp-block-image\">\n<figure class=\"aligncenter size-full is-resized\"><img decoding=\"async\" loading=\"lazy\" src=\"https:\/\/iesgualeguay-ers.infd.edu.ar\/sitio\/wp-content\/uploads\/2026\/04\/Sin-titulo-2.jpg\" alt=\"\" class=\"wp-image-2090\" width=\"777\" height=\"62\" srcset=\"https:\/\/iesgualeguay-ers.infd.edu.ar\/sitio\/wp-content\/uploads\/2026\/04\/Sin-titulo-2.jpg 1221w, https:\/\/iesgualeguay-ers.infd.edu.ar\/sitio\/wp-content\/uploads\/2026\/04\/Sin-titulo-2-1000x79.jpg 1000w, https:\/\/iesgualeguay-ers.infd.edu.ar\/sitio\/wp-content\/uploads\/2026\/04\/Sin-titulo-2-768x61.jpg 768w\" sizes=\"(max-width: 777px) 100vw, 777px\" \/><\/figure><\/div>\n\n\n<p><strong>La Rector\u00eda del Instituto de Ense\u00f1anza Superior \u201cDr. Luis F. Leloir\u201d<\/strong><\/p>\n\n\n\n<p><strong>LLAMA A CONCURSO seg\u00fan Resoluciones N. \u00ba 2300\/12 CGE, N. \u00b0 1471\/16 CGE, N. y Res. 1500\/22 CGE, Resoluci\u00f3n N\u00ba 2000\/22 CGE, Res N: 3535\/23 CGE, Circular N\u00ba 6\/24 JC, Res N\u00ba: 708\/25 CGE y la Circular 05\/25 JC. Circular 08\/25 JC.<\/strong><\/p>\n\n\n\n<p><strong>Nivel: Superior&nbsp;&nbsp;&nbsp;&nbsp;&nbsp;<\/strong><\/p>\n\n\n\n<p><strong>Formaci\u00f3n Docente. Carpeta de Antecedentes. T\u00edtulo&nbsp; inscripto en el Consejo General de Educaci\u00f3n. Por 5 (cinco) d\u00edas h\u00e1biles desde el 29\/07\/2026 al 04\/08\/2026.<\/strong><\/p>\n\n\n\n<p><strong>Primer Llamado<\/strong><\/p>\n\n\n\n<p><strong><u>Profesorado de Educaci\u00f3n Secundaria en Matem\u00e1tica&nbsp;<\/u><\/strong><strong><u>\u2013&nbsp;<\/u><\/strong><strong><u>Res. N. \u00b0 0764\/14 CGE y Res. N. \u00b0 0725\/15 CGE.<\/u><\/strong><\/p>\n\n\n\n<p><strong>\u2013&nbsp;&nbsp;&nbsp;&nbsp;&nbsp;&nbsp;&nbsp;&nbsp;&nbsp;&nbsp; Modelizaci\u00f3n Matem\u00e1tica de las Ciencias (Seminario) \u2013&nbsp; 4 hs. 4\u00ba a\u00f1o STF \u2013C\u00e1tedra no compartida. Plazas N\u00ba : 633049-822526-822608<\/strong><\/p>\n\n\n\n<p><strong>Horario: \u2013 jueves de 20:50 a 22:10 hs y viernes 19:25 a 20:05 hs, de 20:05 a 20:45 hs.&nbsp;<\/strong><\/p>\n\n\n\n<p><strong>Perfil, seg\u00fan Resoluci\u00f3n N. \u00ba 245-17 JC:<\/strong><\/p>\n\n\n\n<p><strong>Profesor de\/en: Matem\u00e1tica u hom\u00f3logos. Matem\u00e1tica, F\u00edsica y Cosmograf\u00eda. Educaci\u00f3n Secundaria en Matem\u00e1tica. Ciencias Exactas y Aplicadas. Ciencias Matem\u00e1ticas y F\u00edsica. Matem\u00e1tica y Astronom\u00eda. Matem\u00e1tica y Cosmograf\u00eda. Matem\u00e1tica y Qu\u00edmica. Matem\u00e1tica, F\u00edsica y Qu\u00edmica.<\/strong><\/p>\n\n\n\n<p><strong>Licenciado en Matem\u00e1tica Aplicada. Licenciado en Matem\u00e1tica Pura. Licenciado en Ciencias F\u00edsica y Matem\u00e1tica. Ingenieros. Agrimensor. Estad\u00edstico Matem\u00e1tico.<\/strong><\/p>\n\n\n\n<p><strong>Los horarios son inamovibles a solicitud de los interesados.<\/strong><\/p>\n\n\n\n<p><strong>Lugar del concurso: Secretar\u00eda del I.E.S 4\u00ba PISO \u2013 Corrientes 198 \u2013 Gualeguay<\/strong><\/p>\n\n\n\n<p><strong>Fecha del concurso: d\u00edas h\u00e1biles desde el 29\/07\/2026 al 04\/08\/2026.<\/strong><\/p>\n\n\n\n<p><strong>Horario: de 17:00 a 22:00 horas<\/strong><\/p>\n\n\n<div class=\"wp-block-image\">\n<figure class=\"aligncenter size-full is-resized\"><img decoding=\"async\" loading=\"lazy\" src=\"https:\/\/iesgualeguay-ers.infd.edu.ar\/sitio\/wp-content\/uploads\/2026\/04\/Sin-titulo-2.jpg\" alt=\"\" class=\"wp-image-2090\" width=\"580\" height=\"46\" srcset=\"https:\/\/iesgualeguay-ers.infd.edu.ar\/sitio\/wp-content\/uploads\/2026\/04\/Sin-titulo-2.jpg 1221w, https:\/\/iesgualeguay-ers.infd.edu.ar\/sitio\/wp-content\/uploads\/2026\/04\/Sin-titulo-2-1000x79.jpg 1000w, https:\/\/iesgualeguay-ers.infd.edu.ar\/sitio\/wp-content\/uploads\/2026\/04\/Sin-titulo-2-768x61.jpg 768w\" sizes=\"(max-width: 580px) 100vw, 580px\" \/><\/figure><\/div>\n\n\n<p><strong>La Rector\u00eda del Instituto de Ense\u00f1anza Superior \u201cDr. Luis F. Leloir\u201d LLAMA A CONCURSO seg\u00fan Resoluciones N. \u00ba 2300\/12 y su modificatoria; Res N. \u00b0 1471\/16 CGE; y Res. N\u00b0 1500\/22 CGE, N\u00b0 708\/25 CGE, Circular N\u00b0 05\/25 J.C y Circular 8\/25 JC, Res. 0996\/19 del C.G.E, Disposici\u00f3n 18\/23 DES, CON PRESENTACI\u00d3N DE CARPETA DE ANTECEDENTES Y PROYECTO, 23\/07\/2026 al 29\/07\/2026. Nivel: Superior. Formaci\u00f3n Docente.<\/strong><\/p>\n\n\n\n<p><strong>Primer Llamado<\/strong><\/p>\n\n\n\n<p><strong><u>Proyecto de Formaci\u00f3n Docente<\/u><\/strong><\/p>\n\n\n\n<p><strong>La Rector\u00eda del Instituto de Ense\u00f1anza Superior \u201cDr. Luis F. Leloir convoca a la presentaci\u00f3n de proyectos de formaci\u00f3n y carpetas de antecedentes para cubrir 6 hs c\u00e1tedra de: CURSO DE FORMACI\u00d3N DOCENTE CONTINUA 2026.<\/strong><\/p>\n\n\n\n<p><strong>Nombre del proyecto:<\/strong>&nbsp;<em>\u00bfQU\u00c9 PUEDE LA ESCUELA HOY? Adolescencias, culturas digitales e inteligencia artificial. Reflexiones, an\u00e1lisis institucional y construcci\u00f3n de estrategias pedag\u00f3gicas de salud mental, el uso de la IA y la seguridad en el cuidado de las trayectorias educativas<\/em>.<\/p>\n\n\n\n<p>Podr\u00e1n participar docentes y profesionales interesados\/as o posibles equipos responsables del desarrollo del Curso de Formaci\u00f3n Docente Continua 2026.<\/p>\n\n\n\n<p>La presente convocatoria se realiza en el marco del Proyecto Marco de Formaci\u00f3n Docente Continua aprobado por el Consejo Directivo en sesi\u00f3n de fecha 1\u00b0 de julio de 2026, Acta N. \u00b0 70\/26. Se seleccionar\u00e1n propuestas y equipos de formaci\u00f3n que, en funci\u00f3n de sus antecedentes acad\u00e9micos y profesionales, presenten proyectos pertinentes, viables y fundamentados para el desarrollo de los encuentros presenciales y las instancias de trabajo virtual previstas.<\/p>\n\n\n\n<p><strong>Finalidad:<\/strong>&nbsp;seleccionar hasta dos docentes\/profesionales responsables, o un equipo de trabajo conformado por dos integrantes, para el dise\u00f1o y desarrollo del Curso de Formaci\u00f3n Docente Continua 2026, de acuerdo con los lineamientos establecidos en el Proyecto Marco institucional.<\/p>\n\n\n\n<p>La propuesta formativa deber\u00e1 abordar, los siguientes ejes:<\/p>\n\n\n\n<ul>\n<li>Adolescencias contempor\u00e1neas, malestar y salud mental en el \u00e1mbito educativo.<\/li>\n\n\n\n<li>Escuela, cuidado y acompa\u00f1amiento de las trayectorias educativas.<\/li>\n\n\n\n<li>Convivencia, ciudadan\u00eda digital y prevenci\u00f3n del ciberbullying y otras formas de violencia digital.<\/li>\n\n\n\n<li>Inteligencia Artificial Generativa y sus posibilidades, desaf\u00edos y consideraciones \u00e9ticas en los procesos educativos.<\/li>\n<\/ul>\n\n\n\n<p>Los proyectos deber\u00e1n asumir una perspectiva pedag\u00f3gica, institucional y de derechos, procurando vincular los contenidos con las pr\u00e1cticas concretas de las escuelas secundarias y con la funci\u00f3n del docente como actor corresponsable del cuidado y acompa\u00f1amiento de las trayectorias educativas.<\/p>\n\n\n\n<p>PERFIL DE LOS\/AS ASPIRANTES<\/p>\n\n\n\n<p>Podr\u00e1n presentarse docentes y profesionales que acrediten formaci\u00f3n y experiencia pertinente para el desarrollo de la propuesta.<\/p>\n\n\n\n<p>Se priorizar\u00e1n postulantes que posean alguno de los siguientes perfiles, pudiendo presentarse tanto individualmente como conformando equipos de hasta dos integrantes:<\/p>\n\n\n\n<p><strong>Perfil A<\/strong>: Pedag\u00f3gico-institucional.<\/p>\n\n\n\n<p>Profesores\/as y profesionales con formaci\u00f3n docente y\/o acad\u00e9mica en: Ciencias de la Educaci\u00f3n. Pedagog\u00eda. Formaci\u00f3n Docente. Psicopedagog\u00eda. Gesti\u00f3n y an\u00e1lisis institucional. Orientaci\u00f3n educativa. Educaci\u00f3n y acompa\u00f1amiento de trayectorias. Licenciatura en Psicolog\u00eda.<\/p>\n\n\n\n<p>Se valorar\u00e1 experiencia demostrable en: Formaci\u00f3n docente inicial o continua; Ense\u00f1anza en instituciones de Educaci\u00f3n Superior; Acompa\u00f1amiento de trayectorias educativas; Trabajo institucional en escuelas secundarias; Coordinaci\u00f3n de proyectos educativos; An\u00e1lisis y abordaje de situaciones complejas; Dise\u00f1o y desarrollo de propuestas de formaci\u00f3n para docentes.<\/p>\n\n\n\n<p><strong>Perfil B<\/strong>: Adolescencias, salud mental y cuidado.<\/p>\n\n\n\n<p>Profesores\/as y\/o profesionales con formaci\u00f3n espec\u00edfica y experiencia acreditable en \u00e1reas vinculadas con: Adolescencias; Salud mental y educaci\u00f3n; Psicolog\u00eda educacional; Orientaci\u00f3n educativa; Convivencia escolar; Pedagog\u00eda del cuidado; Derechos de ni\u00f1os, ni\u00f1as y adolescentes; Abordaje institucional y comunitario de situaciones complejas. Licenciatura en Psicolog\u00eda.<\/p>\n\n\n\n<p>Se valorar\u00e1 la experiencia demostrable en: Trabajo con adolescentes; Instituciones educativas; Formaci\u00f3n Docente; Dise\u00f1o o implementaci\u00f3n de proyectos de cuidado; Prevenci\u00f3n y abordaje de situaciones de vulneraci\u00f3n de derechos; Trabajo interdisciplinario y en redes institucionales y comunitarias.<\/p>\n\n\n\n<p><strong>Perfil C<\/strong>: Cultura digital, Inteligencia Artificial y educaci\u00f3n<\/p>\n\n\n\n<p>Profesores\/as y profesionales con formaci\u00f3n espec\u00edfica y experiencia demostrable en: Educaci\u00f3n y tecnolog\u00edas digitales; Inteligencia Artificial aplicada a la educaci\u00f3n; Alfabetizaci\u00f3n digital; Ciudadan\u00eda digital; Competencia digital docente; Innovaci\u00f3n educativa; Dise\u00f1o de propuestas pedag\u00f3gicas mediadas por tecnolog\u00edas.<\/p>\n\n\n\n<p>Se valorar\u00e1 la experiencia en: formaci\u00f3n docente en tecnolog\u00edas digitales; implementaci\u00f3n de propuestas educativas con Inteligencia Artificial; dise\u00f1o de actividades y recursos pedag\u00f3gicos digitales; evaluaci\u00f3n en contextos de uso de IA; reflexi\u00f3n sobre aspectos \u00e9ticos, cr\u00edticos y pedag\u00f3gicos de la IA; capacitaci\u00f3n de docentes en herramientas y entornos digitales.<\/p>\n\n\n\n<p><strong>Perfil D<\/strong>: Convivencia y ciudadan\u00eda digital<\/p>\n\n\n\n<p>Profesores\/as y profesionales con formaci\u00f3n y experiencia acreditable en: convivencia escolar; ciudadan\u00eda digital; prevenci\u00f3n del ciberbullying; violencias digitales; seguridad en entornos virtuales; protecci\u00f3n de derechos en Internet; educaci\u00f3n para el uso responsable de tecnolog\u00edas.<\/p>\n\n\n\n<p>Se valorar\u00e1 experiencia demostrable en: elaboraci\u00f3n e implementaci\u00f3n de proyectos institucionales; prevenci\u00f3n de situaciones de violencia digital; formaci\u00f3n docente; trabajo con adolescentes; construcci\u00f3n de acuerdos de convivencia; desarrollo de propuestas de ciudadan\u00eda digital.<\/p>\n\n\n\n<p>Consideraci\u00f3n sobre la conformaci\u00f3n de equipos<\/p>\n\n\n\n<p>Se valorar\u00e1 la presentaci\u00f3n de equipos de hasta dos integrantes que permitan complementar perfiles y saberes.<\/p>\n\n\n\n<p>Podr\u00e1n conformarse, por ejemplo, equipos que articulen:<\/p>\n\n\n\n<ul>\n<li>un perfil pedag\u00f3gico-institucional, psic\u00f3logo o psicopedagogo, con un perfil especializado en IA y cultura digital;<\/li>\n\n\n\n<li>un perfil vinculado a adolescencias y salud mental (Lic. En Psicolog\u00eda), con un perfil de ciudadan\u00eda digital;<\/li>\n\n\n\n<li>un perfil generalista en educaci\u00f3n o con formaci\u00f3n psicopedag\u00f3gica con un especialista en tecnolog\u00edas e IA.<\/li>\n<\/ul>\n\n\n\n<p>La conformaci\u00f3n de equipos interdisciplinarios deber\u00e1 justificarse en funci\u00f3n de la propuesta presentada y de los aportes espec\u00edficos de cada integrante.<\/p>\n\n\n\n<p>En todos los casos, cada integrante deber\u00e1 acreditar individualmente los antecedentes que correspondan al perfil declarado.<\/p>\n\n\n\n<p>Consultar en la Secretar\u00eda del Instituto de Ense\u00f1anza Superior \u201cDr. Luis F. Leloir\u201d por: requisitos generales de los aspirantes, modalidad de presentaci\u00f3n de proyectos, y condiciones institucionales.<\/p>\n\n\n\n<p>\u2014\u2014\u2014\u2014\u2014\u2014\u2014\u2014\u2014\u2014\u2014\u2014\u2014\u2014\u2014\u2014\u2014\u2014\u2014\u2014\u2014\u2014\u2014\u2014\u2014\u2014\u2014\u2014\u2014\u2014\u2014\u2014\u2014\u2014\u2014\u2014\u2014\u2014\u2014\u2014\u2014-<\/p>\n\n\n\n<p><strong>Lugar del concurso: Secretar\u00eda del I.E.S 4\u00ba PISO \u2013 Corrientes 198 \u2013 Gualeguay<\/strong><\/p>\n\n\n\n<p><strong>Fecha del concurso: d\u00edas h\u00e1biles desde el 23\/07\/2026 al 29\/07\/2026.<\/strong><\/p>\n\n\n\n<p><strong>Horario: de 17:00 a 22:00 horas<\/strong><\/p>\n\n\n<div class=\"wp-block-image\">\n<figure class=\"aligncenter size-full is-resized\"><img decoding=\"async\" loading=\"lazy\" src=\"https:\/\/iesgualeguay-ers.infd.edu.ar\/sitio\/wp-content\/uploads\/2026\/04\/Sin-titulo-2.jpg\" alt=\"\" class=\"wp-image-2090\" width=\"593\" height=\"47\" srcset=\"https:\/\/iesgualeguay-ers.infd.edu.ar\/sitio\/wp-content\/uploads\/2026\/04\/Sin-titulo-2.jpg 1221w, https:\/\/iesgualeguay-ers.infd.edu.ar\/sitio\/wp-content\/uploads\/2026\/04\/Sin-titulo-2-1000x79.jpg 1000w, https:\/\/iesgualeguay-ers.infd.edu.ar\/sitio\/wp-content\/uploads\/2026\/04\/Sin-titulo-2-768x61.jpg 768w\" sizes=\"(max-width: 593px) 100vw, 593px\" \/><\/figure><\/div>\n\n\n<p><strong>La Rector\u00eda del Instituto de Ense\u00f1anza Superior \u201cDr. Luis F. Leloir\u201d<\/strong><\/p>\n\n\n\n<p><strong>Llama a Concurso seg\u00fan Resoluciones N. \u00ba 2300\/12, N. \u00b0 1471\/16 CGE, N. y Res. 1500\/22 CGE, Resoluci\u00f3n N\u00ba 2000\/22 CGE, Res N: 3535\/23 CGE, Circular N\u00ba 6\/24 JC, Res N\u00ba: 708\/25 CGE y la Circular 05\/25 JC. Circular 08\/25 JC. Res. 708\/25 CGE.<\/strong><\/p>\n\n\n\n<p><strong>Formaci\u00f3n Docente.<\/strong><\/p>\n\n\n\n<p><strong>Nivel Superior: Carpeta de Antecedentes. T\u00edtulo&nbsp; inscripto en el Consejo General de Educaci\u00f3n. Por 5 (cinco) d\u00edas h\u00e1biles desde el 21\/07\/2026 al 27\/07\/2026.<\/strong><\/p>\n\n\n\n<p><strong>Primer Llamado<\/strong><\/p>\n\n\n\n<p><strong><u>Profesorado de Educaci\u00f3n Secundaria en Geograf\u00eda \u2013 Res. N\u00b0766\/14 CGE y Res. N. \u00b0 159\/15 CGE.<\/u><\/strong><\/p>\n\n\n\n<ul>\n<li><strong>Pr\u00e1ctica Docente III (Seminario Taller)- 4 hs. \u2013<\/strong>&nbsp;<strong>3\u00b0 a\u00f1o STF \u2013 Equipo de C\u00e1tedra. Plaza SAGE, N\u00ba: 789280-823371-823397<\/strong><\/li>\n<\/ul>\n\n\n\n<p><strong>Horario:<\/strong>&nbsp;martes de 17:20 a 18:00- de 18:00 a 18:40 hs, de 18:40 a 19:20 hs.<\/p>\n\n\n\n<p><strong>Perfil disciplinar, seg\u00fan Resoluci\u00f3n N\u00ba0332-17 JC:<\/strong><\/p>\n\n\n\n<p>Profesor de\/en: Geograf\u00eda u hom\u00f3logos. Historia y Geograf\u00eda. Geograf\u00eda y Ciencias Sociales. Geograf\u00eda y Ciencias Biol\u00f3gicas.<\/p>\n\n\n\n<p>Licenciaturas en los mismos campos del conocimiento de los t\u00edtulos mencionados anteriormente.<\/p>\n\n\n\n<ul>\n<li><strong>Pr\u00e1ctica Docente IV (Seminario Taller)- 7 hs. \u2013<\/strong>&nbsp;<strong>4\u00b0 a\u00f1o STF \u2013 Equipo de C\u00e1tedra. Plaza SAGE, N\u00ba: 826847-836192-858122.<\/strong><\/li>\n<\/ul>\n\n\n\n<p><strong>Horario:&nbsp;<\/strong>Jueves: de 18:00 a 18:40 hs \u2013 de 18:40 a 19:20 hs \u2013 de 19:25 a 20:05 hs. viernes de 18:00 a 18:40 hs- 18:40 a 19:20 hs<strong>.<\/strong><\/p>\n\n\n\n<p><strong>Perfil disciplinar, seg\u00fan Resoluci\u00f3n N\u00ba0332-17 JC:<\/strong><\/p>\n\n\n\n<p>Profesor de\/en: Geograf\u00eda u hom\u00f3logos. Historia y Geograf\u00eda. Geograf\u00eda y Ciencias Sociales. Geograf\u00eda y Ciencias Biol\u00f3gicas.<\/p>\n\n\n\n<p>Licenciaturas en los mismos campos del conocimiento de los t\u00edtulos mencionados anteriormente.<\/p>\n\n\n\n<p><strong>Importante: Los horarios son inamovibles a solicitud de los interesados.<\/strong><\/p>\n\n\n\n<p><strong>Lugar del concurso: Secretar\u00eda del I.E.S 4\u00ba PISO \u2013 Corrientes 198 \u2013 Gualeguay<\/strong><\/p>\n\n\n\n<p><strong>Fecha del concurso: desde el 21\/07\/2026 al 27\/07\/2026. Horario: de 17:00 a 22:00 horas<\/strong><\/p>\n\n\n\n<p><strong>Gualeguay, 20 de julio de 2026<\/strong><\/p>\n\n\n<div class=\"wp-block-image\">\n<figure class=\"aligncenter size-full is-resized\"><img decoding=\"async\" loading=\"lazy\" src=\"https:\/\/iesgualeguay-ers.infd.edu.ar\/sitio\/wp-content\/uploads\/2026\/04\/Sin-titulo-2.jpg\" alt=\"\" class=\"wp-image-2090\" width=\"552\" height=\"44\" srcset=\"https:\/\/iesgualeguay-ers.infd.edu.ar\/sitio\/wp-content\/uploads\/2026\/04\/Sin-titulo-2.jpg 1221w, https:\/\/iesgualeguay-ers.infd.edu.ar\/sitio\/wp-content\/uploads\/2026\/04\/Sin-titulo-2-1000x79.jpg 1000w, https:\/\/iesgualeguay-ers.infd.edu.ar\/sitio\/wp-content\/uploads\/2026\/04\/Sin-titulo-2-768x61.jpg 768w\" sizes=\"(max-width: 552px) 100vw, 552px\" \/><\/figure><\/div>\n\n\n<p>El Instituto de Ense\u00f1anza Superior \u201cDr. Luis F. Leloir\u201d&nbsp;<strong>DESCONVOCA<\/strong>&nbsp;el siguiente llamado a Concurso:<\/p>\n\n\n\n<p><em>&nbsp;\u201c \u2026 La Rector\u00eda del Instituto de Ense\u00f1anza Superior \u201cDr. Luis F. Leloir\u201d<\/em><\/p>\n\n\n\n<p><em>Llama a Concurso seg\u00fan Resoluciones N. \u00ba 2300\/12, N. \u00b0 1471\/16 CGE, N. y Res. 1500\/22 CGE, Resoluci\u00f3n N\u00ba 2000\/22 CGE, Res N: 3535\/23 CGE, Circular N\u00ba 6\/24 JC, Res N\u00ba: 708\/25 CGE y la Circular 05\/25 JC. Circular 08\/25 JC. Res. 708\/25 CGE.<\/em><\/p>\n\n\n\n<p><em>Formaci\u00f3n Docente.<\/em><\/p>\n\n\n\n<p><em>Nivel Superior: Carpeta de Antecedentes. T\u00edtulo inscripto en el Consejo General de Educaci\u00f3n. Por 5 (cinco) d\u00edas h\u00e1biles desde el 20\/07\/2026 al 24\/07\/2026.<\/em><\/p>\n\n\n\n<p><em>Primer Llamado<\/em><\/p>\n\n\n\n<p><em><u>Profesorado de Educaci\u00f3n Secundaria en Geograf\u00eda \u2013 Res. N\u00b0766\/14 CGE y Res. N. \u00b0 159\/15 CGE.<\/u><\/em><\/p>\n\n\n\n<ul>\n<li><em>Pr\u00e1ctica Docente III (Seminario Taller)- 4 hs. \u2013&nbsp;3\u00b0 a\u00f1o STF \u2013 Equipo de C\u00e1tedra. Plaza SAGE, N\u00ba: 789280-823371-823397<\/em><\/li>\n<\/ul>\n\n\n\n<p><em>Horario:&nbsp;martes de 17:20 a 18:00- de 18:00 a 18:40 hs, de 18:40 a 19:20 hs.<\/em><\/p>\n\n\n\n<p><em>Perfil disciplinar, seg\u00fan Resoluci\u00f3n N\u00ba0332-17 JC:<\/em><\/p>\n\n\n\n<p><em>Profesor de\/en: Geograf\u00eda u hom\u00f3logos. Historia y Geograf\u00eda. Geograf\u00eda y Ciencias Sociales. Geograf\u00eda y Ciencias Biol\u00f3gicas.<\/em><\/p>\n\n\n\n<p><em>Licenciaturas en los mismos campos del conocimiento de los t\u00edtulos mencionados anteriormente.<\/em><\/p>\n\n\n\n<ul>\n<li><em>Pr\u00e1ctica Docente IV (Seminario Taller)- 7 hs. \u2013&nbsp;4\u00b0 a\u00f1o STF \u2013 Equipo de C\u00e1tedra. Plaza SAGE, N\u00ba: 826847-836192-858122.<\/em><\/li>\n<\/ul>\n\n\n\n<p><em>Horario:&nbsp;Jueves: de 18:00 a 18:40 hs \u2013 de 18:40 a 19:20 hs \u2013 de 19:25 a 20:05 hs. viernes de 18:00 a 18:40 hs- 18:40 a 19:20 hs.<\/em><\/p>\n\n\n\n<p><em>Perfil: Profesor de\/en: Pedagog\u00eda u hom\u00f3logos. Ciencias de la Educaci\u00f3n u hom\u00f3logos, Filosof\u00eda, Psicolog\u00eda y Pedagog\u00eda, Filosof\u00eda y Pedagog\u00eda, Filosof\u00eda, Psicolog\u00eda y Ciencias de la Educaci\u00f3n, Sociolog\u00eda u hom\u00f3logos, Filosof\u00eda u hom\u00f3logos, Psicolog\u00eda y Ciencias de la Educaci\u00f3n, Pedagog\u00eda y Ciencias de la Educaci\u00f3n, Filosof\u00eda y Ciencias de la Educaci\u00f3n, Psicolog\u00eda y Pedagog\u00eda.<\/em><\/p>\n\n\n\n<p><em>Licenciaturas en los mismos campos del conocimiento de los t\u00edtulos mencionados anteriormente.<\/em><\/p>\n\n\n\n<p><em>Importante: Los horarios son inamovibles a solicitud de los interesados.<\/em><\/p>\n\n\n\n<p><em>Lugar del concurso: Secretar\u00eda del I.E.S 4\u00ba PISO \u2013 Corrientes 198 \u2013 Gualeguay<\/em><\/p>\n\n\n\n<p><em>Fecha del concurso: desde el 20\/07\/2026 al 24\/07\/2026. Horario: de 17:00 a 22:00 horas.\u201d<\/em><\/p>\n\n\n<div class=\"wp-block-image\">\n<figure class=\"aligncenter size-full is-resized\"><img decoding=\"async\" loading=\"lazy\" src=\"https:\/\/iesgualeguay-ers.infd.edu.ar\/sitio\/wp-content\/uploads\/2026\/04\/Sin-titulo-2.jpg\" alt=\"\" class=\"wp-image-2090\" width=\"512\" height=\"40\" srcset=\"https:\/\/iesgualeguay-ers.infd.edu.ar\/sitio\/wp-content\/uploads\/2026\/04\/Sin-titulo-2.jpg 1221w, https:\/\/iesgualeguay-ers.infd.edu.ar\/sitio\/wp-content\/uploads\/2026\/04\/Sin-titulo-2-1000x79.jpg 1000w, https:\/\/iesgualeguay-ers.infd.edu.ar\/sitio\/wp-content\/uploads\/2026\/04\/Sin-titulo-2-768x61.jpg 768w\" sizes=\"(max-width: 512px) 100vw, 512px\" \/><\/figure><\/div>\n\n\n<p>La Rector\u00eda del I.E.S \u201cDr. Luis F. Leloir\u201d, llama a concurso&nbsp;<strong>TERCER LLAMADO<\/strong>&nbsp;seg\u00fan la Resoluci\u00f3n 5423\/03 CGE.,&nbsp;<strong>CON PRESENTACI\u00d3N DE CARPETA DE ANTECEDENTES&nbsp;<\/strong>T\u00edtulo inscripto en el Consejo General de Educaci\u00f3n seg\u00fan Resoluci\u00f3n 0708\/25 CGE., Resoluci\u00f3n 3535\/23 CGE, Res. 2300\/12 CGE y su modificatoria 1471\/16 CGE, 1500\/22 CGE, 708\/25 CGE y Circular 05\/25 JC, Disposici\u00f3n 18\/23 DES, Circular 08\/25 JC, Circular 18\/17 JC, dispuesto en el Art. 80\u00ba del Estatuto Docente Entrerriano: \u201cDeclarado sin aspirante al Art. 80\u00ba, acto seguido se ofrecer\u00e1 por Art. 40 de la Constituci\u00f3n de la provincia de Entre R\u00edos, con la intervenci\u00f3n y autorizaci\u00f3n de Vocal\u00eda del Consejo General de Educaci\u00f3n. Se recibir\u00e1n simult\u00e1neamente en la Instituci\u00f3n Carpetas y proyectos de aspirantes a horas c\u00e1tedra por Art. 80\u00ba del estatuto del Docente Entrerriano, y carpetas de antecedentes de aspirantes a cubrir el espacio por Art\u00edculo 40; por el t\u00e9rmino de 3 (tres) d\u00edas h\u00e1biles. Los aspirantes a concursar por Art. 40 de la Constituci\u00f3n provincial deber\u00e1n aclararlo en su Formulario de inscripci\u00f3n (F.1.)\u201d -cfr. Resoluci\u00f3n N\u00ba 1280\/15 C.G.E.-, las siguientes horas c\u00e1tedras, con car\u00e1cter Designaci\u00f3n Docente por Proyecto (DP) Disposici\u00f3n N\u00ba 18\/23 DES<\/p>\n\n\n\n<p>Plazo de presentaci\u00f3n tres d\u00edas h\u00e1biles desde el&nbsp;<strong>20\/07\/2026 y hasta el 22\/07\/2026<\/strong>&nbsp;inclusive y las dos primeras horas del d\u00eda siguiente h\u00e1bil (Ley 7060\/83 Art 19)<\/p>\n\n\n\n<p><strong>Tercer&nbsp; Llamado<\/strong><\/p>\n\n\n\n<p><strong><u>Profesorado de Educaci\u00f3n Secundaria en F\u00edsica&nbsp;<\/u><\/strong><strong><u>\u2013 Res. N\u00b0758\/14 CGE<\/u><\/strong><\/p>\n\n\n\n<ul>\n<li><strong>Fen\u00f3menos Ondulatorios (Asignatura) \u2013 4hs \u2013 3\u00ba a\u00f1o STF. C\u00e1tedra no compartida. Plaza Sage N\u00ba: 787994-822480<\/strong><\/li>\n<\/ul>\n\n\n\n<p><strong>Horario:&nbsp;<\/strong>Martes: de 18:00 a 18:40 hs., de 18:40 a 19:20 hs. Viernes de 18:00 a 18:40 hs., de 18:40 a 19:20 hs.<\/p>\n\n\n\n<p><strong>Perfil seg\u00fan Resoluci\u00f3n N. \u00ba 314\/17 J.C.<\/strong><\/p>\n\n\n\n<p>Profesor de\/en:<\/p>\n\n\n\n<p>F\u00edsica u Hom\u00f3logos. Cs. F\u00edsica y Matem\u00e1tica F\u00edsica y Matem\u00e1tica. F\u00edsica y Cosmograf\u00eda. F\u00edsica y Qu\u00edmica. Matem\u00e1tica y F\u00edsica. Matem\u00e1tica, F\u00edsica y Cosmograf\u00eda. Matem\u00e1tica, F\u00edsica y Qu\u00edmica.<\/p>\n\n\n\n<p>Licenciaturas en los mismos campos del conocimiento de los T\u00edtulos mencionados anteriormente.<\/p>\n\n\n\n<p>Licenciados en Biotecnolog\u00eda.<\/p>\n\n\n\n<p>Ingeniero de\/en: Civil. Construcci\u00f3n. Construcci\u00f3n de Obras. Mec\u00e1nico. Industrial. Mec\u00e1nico Industrial. Mec\u00e1nico Metal\u00fargico. Electricista. Mec\u00e1nico Electricista. Electromec\u00e1nico. Mec\u00e1nico Aeron\u00e1utico. Biof\u00edsico. Bioingeniero.<\/p>\n\n\n\n<p><strong>Importante: Los horarios son inamovibles a solicitud de los interesados.<\/strong><\/p>\n\n\n\n<p><strong>Lugar del concurso: Secretar\u00eda del I.E.S 4\u00ba PISO \u2013 Corrientes 198 \u2013 Gualeguay<\/strong><\/p>\n\n\n\n<p><strong>Fecha del concurso: desde el 20\/07\/2026 al 22\/07\/2026. Horario: de 17:00 a 22:00 horas<\/strong><\/p>\n\n\n<div class=\"wp-block-image\">\n<figure class=\"aligncenter size-full is-resized\"><img decoding=\"async\" loading=\"lazy\" src=\"https:\/\/iesgualeguay-ers.infd.edu.ar\/sitio\/wp-content\/uploads\/2026\/04\/Sin-titulo-2.jpg\" alt=\"\" class=\"wp-image-2090\" width=\"544\" height=\"43\" srcset=\"https:\/\/iesgualeguay-ers.infd.edu.ar\/sitio\/wp-content\/uploads\/2026\/04\/Sin-titulo-2.jpg 1221w, https:\/\/iesgualeguay-ers.infd.edu.ar\/sitio\/wp-content\/uploads\/2026\/04\/Sin-titulo-2-1000x79.jpg 1000w, https:\/\/iesgualeguay-ers.infd.edu.ar\/sitio\/wp-content\/uploads\/2026\/04\/Sin-titulo-2-768x61.jpg 768w\" sizes=\"(max-width: 544px) 100vw, 544px\" \/><\/figure><\/div>\n\n\n<p><strong>La Rector\u00eda del Instituto de Ense\u00f1anza Superior \u201cDr. Luis F. Leloir\u201d<\/strong><\/p>\n\n\n\n<p><strong>Llama a Concurso seg\u00fan Resoluciones N. \u00ba 2300\/12, N. \u00b0 1471\/16 CGE, N. y Res. 1500\/22 CGE, Resoluci\u00f3n N\u00ba 2000\/22 CGE, Res N: 3535\/23 CGE, Circular N\u00ba 6\/24 JC, Res N\u00ba: 708\/25 CGE y la Circular 05\/25 JC. Circular 08\/25 JC. Res. 708\/25 CGE.<\/strong><\/p>\n\n\n\n<p><strong>Formaci\u00f3n Docente.<\/strong><\/p>\n\n\n\n<p><strong>Nivel Superior: Carpeta de Antecedentes. T\u00edtulo inscripto en el Consejo General de Educaci\u00f3n. Por 5 (cinco) d\u00edas h\u00e1biles desde el 20\/07\/2026 al 24\/07\/2026.<\/strong><\/p>\n\n\n\n<p><strong>Primer Llamado<\/strong><\/p>\n\n\n\n<p><strong><u>Profesorado de Educaci\u00f3n Secundaria en Geograf\u00eda \u2013 Res. N\u00b0766\/14 CGE y Res. N. \u00b0 159\/15 CGE.<\/u><\/strong><\/p>\n\n\n\n<ul>\n<li><strong>Pr\u00e1ctica Docente III (Seminario Taller)- 4 hs. \u2013<\/strong>&nbsp;<strong>3\u00b0 a\u00f1o STF \u2013 Equipo de C\u00e1tedra. Plaza SAGE, N\u00ba: 789280-823371-823397<\/strong><\/li>\n<\/ul>\n\n\n\n<p><strong>Horario:<\/strong>&nbsp;martes de 17:20 a 18:00- de 18:00 a 18:40 hs, de 18:40 a 19:20 hs.<\/p>\n\n\n\n<p><strong>Perfil disciplinar, seg\u00fan Resoluci\u00f3n N\u00ba0332-17 JC:<\/strong><\/p>\n\n\n\n<p>Profesor de\/en: Geograf\u00eda u hom\u00f3logos. Historia y Geograf\u00eda. Geograf\u00eda y Ciencias Sociales. Geograf\u00eda y Ciencias Biol\u00f3gicas.<\/p>\n\n\n\n<p>Licenciaturas en los mismos campos del conocimiento de los t\u00edtulos mencionados anteriormente.<\/p>\n\n\n\n<ul>\n<li><strong>Pr\u00e1ctica Docente IV (Seminario Taller)- 7 hs. \u2013<\/strong>&nbsp;<strong>4\u00b0 a\u00f1o STF \u2013 Equipo de C\u00e1tedra. Plaza SAGE, N\u00ba: 826847-836192-858122.<\/strong><\/li>\n<\/ul>\n\n\n\n<p><strong>Horario:&nbsp;<\/strong>Jueves: de 18:00 a 18:40 hs \u2013 de 18:40 a 19:20 hs \u2013 de 19:25 a 20:05 hs. viernes de 18:00 a 18:40 hs- 18:40 a 19:20 hs<strong>.<\/strong><\/p>\n\n\n\n<p>Perfil: Profesor de\/en: Pedagog\u00eda u hom\u00f3logos. Ciencias de la Educaci\u00f3n u hom\u00f3logos, Filosof\u00eda, Psicolog\u00eda y Pedagog\u00eda, Filosof\u00eda y Pedagog\u00eda, Filosof\u00eda, Psicolog\u00eda y Ciencias de la Educaci\u00f3n, Sociolog\u00eda u hom\u00f3logos, Filosof\u00eda u hom\u00f3logos, Psicolog\u00eda y Ciencias de la Educaci\u00f3n, Pedagog\u00eda y Ciencias de la Educaci\u00f3n, Filosof\u00eda y Ciencias de la Educaci\u00f3n, Psicolog\u00eda y Pedagog\u00eda.<\/p>\n\n\n\n<p>Licenciaturas en los mismos campos del conocimiento de los t\u00edtulos mencionados anteriormente.<\/p>\n\n\n\n<p><strong>Importante: Los horarios son inamovibles a solicitud de los interesados.<\/strong><\/p>\n\n\n\n<p><strong>Lugar del concurso: Secretar\u00eda del I.E.S 4\u00ba PISO \u2013 Corrientes 198 \u2013 Gualeguay<\/strong><\/p>\n\n\n\n<p><strong>Fecha del concurso: desde el 20\/07\/2026 al 24\/07\/2026. Horario: de 17:00 a 22:00 horas<\/strong><\/p>\n\n\n<div class=\"wp-block-image\">\n<figure class=\"aligncenter size-full is-resized\"><img decoding=\"async\" loading=\"lazy\" src=\"https:\/\/iesgualeguay-ers.infd.edu.ar\/sitio\/wp-content\/uploads\/2026\/04\/Sin-titulo-2.jpg\" alt=\"\" class=\"wp-image-2090\" width=\"503\" height=\"40\" srcset=\"https:\/\/iesgualeguay-ers.infd.edu.ar\/sitio\/wp-content\/uploads\/2026\/04\/Sin-titulo-2.jpg 1221w, https:\/\/iesgualeguay-ers.infd.edu.ar\/sitio\/wp-content\/uploads\/2026\/04\/Sin-titulo-2-1000x79.jpg 1000w, https:\/\/iesgualeguay-ers.infd.edu.ar\/sitio\/wp-content\/uploads\/2026\/04\/Sin-titulo-2-768x61.jpg 768w\" sizes=\"(max-width: 503px) 100vw, 503px\" \/><\/figure><\/div>\n\n\n<p><strong>La Rector\u00eda del Instituto de Ense\u00f1anza Superior \u201cDr. Luis F. Leloir\u201d<\/strong><\/p>\n\n\n\n<p><strong>Llama a Concurso seg\u00fan Resoluciones N. \u00ba 2300\/12, N. \u00b0 1471\/16 CGE, N. y Res. 1500\/22 CGE, Resoluci\u00f3n N\u00ba 2000\/22 CGE, Res N: 3535\/23 CGE, Circular N\u00ba 6\/24 JC, Res N\u00ba: 708\/25 CGE y la Circular 05\/25 JC. Circular 08\/25 JC. Res. 708\/25 CGE.<\/strong><\/p>\n\n\n\n<p><strong>Formaci\u00f3n Docente.<\/strong><\/p>\n\n\n\n<p><strong>Nivel Superior: Carpeta de Antecedentes. T\u00edtulo&nbsp; inscripto en el Consejo General de Educaci\u00f3n. Por 3 (tres) d\u00edas h\u00e1biles desde el 18\/06\/2026 al 22\/06\/2026.<\/strong><\/p>\n\n\n\n<p><strong>Segundo &nbsp;Llamado<\/strong><\/p>\n\n\n\n<p><strong><u>Profesorado de Educaci\u00f3n Secundaria en F\u00edsica&nbsp;<\/u><\/strong><strong><u>\u2013 Res. N\u00b0758\/14 CGE<\/u><\/strong><\/p>\n\n\n\n<ul>\n<li><strong>Fen\u00f3menos Ondulatorios (Asignatura) \u2013 4hs \u2013 3\u00ba a\u00f1o STF. C\u00e1tedra no compartida. Plaza Sage N\u00ba: 787994-822480<\/strong><\/li>\n<\/ul>\n\n\n\n<p><strong>Horario:&nbsp;<\/strong>lunes de 20:50 a 21:30hs y de 21:30 a 22:10 hs. Martes de 18:00 a 18:40 hs., de 18:40 a 19:20 hs.<\/p>\n\n\n\n<p><strong>Perfil seg\u00fan Resoluci\u00f3n N. \u00ba 314\/17 J.C.<\/strong><\/p>\n\n\n\n<p>Profesor de\/en:<\/p>\n\n\n\n<p>F\u00edsica u Hom\u00f3logos. Cs. F\u00edsica y Matem\u00e1tica F\u00edsica y Matem\u00e1tica. F\u00edsica y Cosmograf\u00eda. F\u00edsica y Qu\u00edmica. Matem\u00e1tica y F\u00edsica. Matem\u00e1tica, F\u00edsica y Cosmograf\u00eda. Matem\u00e1tica, F\u00edsica y Qu\u00edmica.<\/p>\n\n\n\n<p>Licenciaturas en los mismos campos del conocimiento de los T\u00edtulos mencionados anteriormente.<\/p>\n\n\n\n<p>Licenciados en Biotecnolog\u00eda.<\/p>\n\n\n\n<p>Ingeniero de\/en: Civil. Construcci\u00f3n. Construcci\u00f3n de Obras. Mec\u00e1nico. Industrial. Mec\u00e1nico Industrial. Mec\u00e1nico Metal\u00fargico. Electricista. Mec\u00e1nico Electricista. Electromec\u00e1nico. Mec\u00e1nico Aeron\u00e1utico. Biof\u00edsico. Bioingeniero.<\/p>\n\n\n\n<p><strong><u>Profesorado de Educaci\u00f3n Secundaria en Geograf\u00eda \u2013 Res. N\u00b0766\/14 CGE y Res. N. \u00b0 159\/15 CGE.<\/u><\/strong><\/p>\n\n\n\n<ul>\n<li><strong>Pr\u00e1ctica Docente IV -5 hs. STF- Perfil: Generalista. Plazas SAGE N\u00ba: 826855- 836191<\/strong><\/li>\n<\/ul>\n\n\n\n<p><strong>Horario: Jueves: de 18:00 a 18:40 hs \u2013 de 18:40 a 19:20 hs \u2013 de 19:25 a 20:05 hs. viernes de 18:00 a 18:40 hs- 18:40 a 19:20 hs.<\/strong><\/p>\n\n\n\n<p>Perfil: Profesor de\/en: Pedagog\u00eda u hom\u00f3logos. Ciencias de la Educaci\u00f3n u hom\u00f3logos, Filosof\u00eda, Psicolog\u00eda y Pedagog\u00eda, Filosof\u00eda y Pedagog\u00eda, Filosof\u00eda, Psicolog\u00eda y Ciencias de la Educaci\u00f3n, Sociolog\u00eda u hom\u00f3logos, Filosof\u00eda u hom\u00f3logos, Psicolog\u00eda y Ciencias de la Educaci\u00f3n, Pedagog\u00eda y Ciencias de la Educaci\u00f3n, Filosof\u00eda y Ciencias de la Educaci\u00f3n, Psicolog\u00eda y Pedagog\u00eda.<\/p>\n\n\n\n<p>Licenciaturas en los mismos campos del conocimiento de los t\u00edtulos mencionados anteriormente.<\/p>\n\n\n\n<p><strong>Importante: Los horarios son inamovibles a solicitud de los interesados.<\/strong><\/p>\n\n\n\n<p><strong>Lugar del concurso: Secretar\u00eda del I.E.S 4\u00ba PISO \u2013 Corrientes 198 \u2013 Gualeguay<\/strong><\/p>\n\n\n\n<p><strong>Fecha del concurso: desde el 18\/06\/2026 al 22\/06\/2026.Horario: de 17:00 a 22:00 horas<\/strong><\/p>\n\n\n<div class=\"wp-block-image\">\n<figure class=\"aligncenter size-full is-resized\"><img decoding=\"async\" loading=\"lazy\" src=\"https:\/\/iesgualeguay-ers.infd.edu.ar\/sitio\/wp-content\/uploads\/2026\/04\/Sin-titulo-2.jpg\" alt=\"\" class=\"wp-image-2090\" width=\"476\" height=\"38\" srcset=\"https:\/\/iesgualeguay-ers.infd.edu.ar\/sitio\/wp-content\/uploads\/2026\/04\/Sin-titulo-2.jpg 1221w, https:\/\/iesgualeguay-ers.infd.edu.ar\/sitio\/wp-content\/uploads\/2026\/04\/Sin-titulo-2-1000x79.jpg 1000w, https:\/\/iesgualeguay-ers.infd.edu.ar\/sitio\/wp-content\/uploads\/2026\/04\/Sin-titulo-2-768x61.jpg 768w\" sizes=\"(max-width: 476px) 100vw, 476px\" \/><\/figure><\/div>\n\n\n<p><strong>La Rector\u00eda del Instituto de Ense\u00f1anza Superior \u201cDr. Luis F. Leloir\u201d<\/strong><\/p>\n\n\n\n<p><strong>LLAMA A CONCURSO seg\u00fan Resoluci\u00f3n 0996\/19 Res. 1371\/19 (roles y funciones del RT); CGE. Resoluciones N. \u00ba 2300\/12 y su modificatoria; Res&nbsp; N. \u00b0 1471\/16 CGE; y Res. N\u00b0 1500\/22 CGE, N\u00b0 708\/25 CGE, Circular N\u00b0 05\/25 J.C y Circular 8\/25 JC, Res. 0996\/19 del C.G.E, Disposici\u00f3n 18\/23 DES, CON PRESENTACI\u00d3N DE CARPETA DE ANTECEDENTES Y PROYECTO, desde el 17\/06\/2026 al 23\/06\/2026<\/strong><\/p>\n\n\n\n<p><strong>Nivel: Superior.<\/strong><\/p>\n\n\n\n<p><strong>Formaci\u00f3n Docente<\/strong><\/p>\n\n\n\n<p><strong>Primer Llamado<\/strong><\/p>\n\n\n\n<p><strong>Presentaci\u00f3n de Carpeta de Antecedentes y Continuidad de Proyecto<\/strong><\/p>\n\n\n\n<p><strong><u>Referente T\u00e9cnico Institucional \u2013 Resoluci\u00f3n 0996\/19 CGE.<\/u><\/strong><\/p>\n\n\n\n<ul>\n<li><strong>Referente T\u00e9cnico Institucional. 18 horas c\u00e1tedras de Nivel Superior, STF Plazas N\u00ba: 835335-835773-828426-833875-834680<\/strong><\/li>\n<\/ul>\n\n\n\n<p><strong>Horario: lunes: de 18:00 a 20:45 hs. \u2013&nbsp;<\/strong>martes:&nbsp;<strong>de 18:00 a 20:05 hs. \u2013 mi\u00e9rcoles: de 17:20 a 20:05 hs. \u2013 jueves: de 19:20 a 21:30 hs. \u2013 viernes: de 18:00 a 20:45 hs.<\/strong><\/p>\n\n\n\n<p><strong>Perfil: seg\u00fan Resoluci\u00f3n N. \u00ba 0996\/19 CGE.<\/strong><\/p>\n\n\n\n<p>Idoneidad y experiencia comprobable para un eficaz desarrollo de sus funciones. Disponibilidad horaria.<\/p>\n\n\n\n<p>Formaci\u00f3n pedag\u00f3gica que vincule las TIC y educaci\u00f3n.<\/p>\n\n\n\n<p>Antivirus, B\u00e1sico Linux,&nbsp; Instalaci\u00f3n y configuraci\u00f3n de Windows.<\/p>\n\n\n\n<p>Soporte b\u00e1sico en Open Office, Office,&nbsp; Aplicaciones, Antivirus.<\/p>\n\n\n\n<p>B\u00e1sico en Redes LAN.<\/p>\n\n\n\n<p>B\u00e1sico en cableado estructurado.<\/p>\n\n\n\n<p>B\u00e1sico en redes inal\u00e1mbricas tipo Wi Fi (IEEE.802.11.a.b.g)<\/p>\n\n\n\n<p>Conocimientos de arquitecturas computacionales (identificaci\u00f3n de fallas soporte t\u00e9cnico de usuario de primer nivel, interlocuci\u00f3n con soporte de segundo nivel)<\/p>\n\n\n\n<p><strong>Funciones: seg\u00fan Resoluci\u00f3n N. \u00ba 0996\/19 CGE.<\/strong><\/p>\n\n\n\n<p><strong><em>Los referentes t\u00e9cnicos institucionales realizan un abanico amplio y diverso de funciones, que se materializa en un conjunto de actividades y tareas. En este sentido el rol del Referente T\u00e9cnico Institucional abarca tres dimensiones: lo t\u00e9cnico\/administrativo, lo comunicacional y lo pedag\u00f3gico.<\/em><\/strong><strong>&nbsp;(Consultar Resoluci\u00f3n N. \u00ba 0996\/19 CGE).<\/strong><\/p>\n\n\n\n<p>La carpeta debe estar autenticada previamente (NO SE AUTENTICARAN EN EL MOMENTO DE<\/p>\n\n\n\n<p>RECEPCION) Si no se cumplen este requisito la misma ser\u00e1 desestimada. En caso de no poder concurrir personalmente, podr\u00e1 ser representado por un tercero quien deber\u00e1 presentar el poder que lo avala y D.N.I junto a la documentaci\u00f3n solicitada (Art. 135. Res. 2300 CGE).<\/p>\n\n\n\n<p><strong>___________________________________________________________________<\/strong><\/p>\n\n\n\n<p><strong>Lugar del concurso: Secretar\u00eda del I.E.S 4\u00ba PISO \u2013 Corrientes 198 \u2013 Gualeguay<\/strong><\/p>\n\n\n\n<p><strong>Fecha del concurso: desde el 17\/06\/2026 al 23\/06\/2026<\/strong><\/p>\n\n\n\n<p><strong>Horario: de 17:10 a 22:10 horas<\/strong><\/p>\n\n\n<div class=\"wp-block-image\">\n<figure class=\"aligncenter size-full is-resized\"><img decoding=\"async\" loading=\"lazy\" src=\"https:\/\/iesgualeguay-ers.infd.edu.ar\/sitio\/wp-content\/uploads\/2026\/04\/Sin-titulo-2.jpg\" alt=\"\" class=\"wp-image-2090\" width=\"496\" height=\"39\" srcset=\"https:\/\/iesgualeguay-ers.infd.edu.ar\/sitio\/wp-content\/uploads\/2026\/04\/Sin-titulo-2.jpg 1221w, https:\/\/iesgualeguay-ers.infd.edu.ar\/sitio\/wp-content\/uploads\/2026\/04\/Sin-titulo-2-1000x79.jpg 1000w, https:\/\/iesgualeguay-ers.infd.edu.ar\/sitio\/wp-content\/uploads\/2026\/04\/Sin-titulo-2-768x61.jpg 768w\" sizes=\"(max-width: 496px) 100vw, 496px\" \/><\/figure><\/div>\n\n\n<p><strong>La Rector\u00eda del Instituto de Ense\u00f1anza Superior \u201cDr. Luis F. Leloir\u201d<\/strong><\/p>\n\n\n\n<p><strong>Llama a Concurso seg\u00fan Resoluciones N. \u00ba 2300\/12, N. \u00b0 1471\/16 CGE, N. y Res. 1500\/22 CGE, Resoluci\u00f3n N\u00ba 2000\/22 CGE, Res N: 3535\/23 CGE, Circular N\u00ba 6\/24 JC, Res N\u00ba: 708\/25 CGE y la Circular 05\/25 JC. Circular 08\/25 JC. Res. 708\/25 CGE.<\/strong><\/p>\n\n\n\n<p><strong>Formaci\u00f3n Docente.<\/strong><\/p>\n\n\n\n<p><strong>Nivel Superior: Carpeta de Antecedentes. T\u00edtulo&nbsp; inscripto en el Consejo General de Educaci\u00f3n. Por 5 (cinco) d\u00edas h\u00e1biles desde el 2\/06\/2026 al 08\/06\/2026.<\/strong><\/p>\n\n\n\n<p><strong>Primer Llamado<\/strong><\/p>\n\n\n\n<p><strong><u>Profesorado de Educaci\u00f3n Secundaria en F\u00edsica&nbsp;<\/u><\/strong><strong><u>\u2013 Res. N\u00b0758\/14 CGE<\/u><\/strong><\/p>\n\n\n\n<ul>\n<li><strong>Fen\u00f3menos Ondulatorios (Asignatura) \u2013 4hs \u2013 3\u00ba a\u00f1o STF. C\u00e1tedra no compartida. Plaza Sage N\u00ba: 787994-822480<\/strong><\/li>\n<\/ul>\n\n\n\n<p><strong>Horario:&nbsp;<\/strong>lunes de 20:50 a 21:30hs y de 21:30 a 22:10 hs. Martes de 18:00 a 18:40 hs., de 18:40 a 19:20 hs.<\/p>\n\n\n\n<p><strong>Perfil seg\u00fan Resoluci\u00f3n N. \u00ba 314\/17 J.C.<\/strong><\/p>\n\n\n\n<p>Profesor de\/en:<\/p>\n\n\n\n<p>F\u00edsica u Hom\u00f3logos. Cs. F\u00edsica y Matem\u00e1tica F\u00edsica y Matem\u00e1tica. F\u00edsica y Cosmograf\u00eda. F\u00edsica y Qu\u00edmica. Matem\u00e1tica y F\u00edsica. Matem\u00e1tica, F\u00edsica y Cosmograf\u00eda. Matem\u00e1tica, F\u00edsica y Qu\u00edmica.<\/p>\n\n\n\n<p>Licenciaturas en los mismos campos del conocimiento de los T\u00edtulos mencionados anteriormente.<\/p>\n\n\n\n<p>Licenciados en Biotecnolog\u00eda.<\/p>\n\n\n\n<p>Ingeniero de\/en: Civil. Construcci\u00f3n. Construcci\u00f3n de Obras. Mec\u00e1nico. Industrial. Mec\u00e1nico Industrial. Mec\u00e1nico Metal\u00fargico. Electricista. Mec\u00e1nico Electricista. Electromec\u00e1nico. Mec\u00e1nico Aeron\u00e1utico. Biof\u00edsico. Bioingeniero.<\/p>\n\n\n\n<p><strong>Importante: Los horarios son inamovibles a solicitud de los interesados.<\/strong><\/p>\n\n\n\n<p><strong>Lugar del concurso: Secretar\u00eda del I.E.S 4\u00ba PISO \u2013 Corrientes 198 \u2013 Gualeguay<\/strong><\/p>\n\n\n\n<p><strong>Fecha del concurso: desde el 2\/06\/2026 al 08\/06\/2026.Horario: de 17:00 a 22:00 horas<\/strong><\/p>\n\n\n<div class=\"wp-block-image\">\n<figure class=\"aligncenter size-full is-resized\"><img decoding=\"async\" loading=\"lazy\" src=\"https:\/\/iesgualeguay-ers.infd.edu.ar\/sitio\/wp-content\/uploads\/2026\/04\/Sin-titulo-2.jpg\" alt=\"\" class=\"wp-image-2090\" width=\"643\" height=\"51\" srcset=\"https:\/\/iesgualeguay-ers.infd.edu.ar\/sitio\/wp-content\/uploads\/2026\/04\/Sin-titulo-2.jpg 1221w, https:\/\/iesgualeguay-ers.infd.edu.ar\/sitio\/wp-content\/uploads\/2026\/04\/Sin-titulo-2-1000x79.jpg 1000w, https:\/\/iesgualeguay-ers.infd.edu.ar\/sitio\/wp-content\/uploads\/2026\/04\/Sin-titulo-2-768x61.jpg 768w\" sizes=\"(max-width: 643px) 100vw, 643px\" \/><\/figure><\/div>\n\n\n<p><strong>La Rector\u00eda del Instituto de Ense\u00f1anza Superior \u201cDr. Luis F. Leloir\u201d<\/strong><\/p>\n\n\n\n<p><strong>Llama a Concurso seg\u00fan Resoluciones N. \u00ba 2300\/12, N. \u00b0 1471\/16 CGE, N. y Res. 1500\/22 CGE, Resoluci\u00f3n N\u00ba 2000\/22 CGE, Res N: 3535\/23 CGE, Circular N\u00ba 6\/24 JC, Res N\u00ba: 708\/25 CGE y la Circular 05\/25 JC. Circular 08\/25 JC. Res. 708\/25 CGE.<\/strong><\/p>\n\n\n\n<p><strong>Formaci\u00f3n Docente.<\/strong><\/p>\n\n\n\n<p><strong>Nivel Superior: Carpeta de Antecedentes. T\u00edtulo&nbsp; inscripto en el Consejo General de Educaci\u00f3n. Por 5 (cinco) d\u00edas h\u00e1biles desde el 01\/06\/2026 al 05\/06\/2026.<\/strong><\/p>\n\n\n\n<p><strong>Primer Llamado<\/strong><\/p>\n\n\n\n<p><strong><u>Profesorado de Educaci\u00f3n Secundaria en F\u00edsica&nbsp;<\/u><\/strong><strong><u>\u2013 Res. N\u00b0758\/14 CGE<\/u><\/strong><\/p>\n\n\n\n<ul>\n<li><strong>Matem\u00e1tica II (Asignatura) \u2013 4 hs. \u2013 2\u00ba a\u00f1o STF \u2013 C\u00e1tedra no compartida.<\/strong><\/li>\n<\/ul>\n\n\n\n<p><strong>Horario:&nbsp;<\/strong>Lunes: 19:25 a 20:05 hs. \u2013 20.05 a 20.45 hs. Martes: 18:00 a 18:40 hs. \u2013 18:40 a 19:20 hs.<\/p>\n\n\n\n<p><strong>Perfil, seg\u00fan Resoluci\u00f3n&nbsp;<\/strong><strong>N\u00ba 314-17 JC<\/strong>:<\/p>\n\n\n\n<p>Profesor de\/en: Matem\u00e1tica u hom\u00f3logos. Matem\u00e1tica, F\u00edsica y Cosmograf\u00eda. Ciencias Exactas y Aplicadas. Ciencias Exactas u hom\u00f3logos. Ciencias, Matem\u00e1tica y F\u00edsica. Matem\u00e1tica y F\u00edsica. Matem\u00e1tica y Astronom\u00eda. Matem\u00e1tica y Cosmograf\u00eda. Matem\u00e1tica y Qu\u00edmica. Matem\u00e1tica, F\u00edsica y Qu\u00edmica.<\/p>\n\n\n\n<p>Licenciado de\/en: Matem\u00e1tica. Matem\u00e1tica Aplicada. Matem\u00e1tica Pura. Ciencias F\u00edsica y Matem\u00e1tica. Ingenieros. Agrimensor. Estad\u00edstico Matem\u00e1tico.<\/p>\n\n\n\n<p><strong>Importante: Los horarios son inamovibles a solicitud de los interesados ___________________________________________________________________<\/strong><\/p>\n\n\n\n<p><strong>Lugar del concurso: Secretar\u00eda del I.E.S 4\u00ba PISO \u2013 Corrientes 198 \u2013 Gualeguay<\/strong><\/p>\n\n\n\n<p><strong>Fecha del concurso: desde el 01\/06\/2026 al 05\/06\/2026-Horario: de 17:00 a 22:00 horas<\/strong><\/p>\n\n\n<div class=\"wp-block-image\">\n<figure class=\"aligncenter size-full is-resized\"><img decoding=\"async\" loading=\"lazy\" src=\"https:\/\/iesgualeguay-ers.infd.edu.ar\/sitio\/wp-content\/uploads\/2026\/04\/Sin-titulo-2.jpg\" alt=\"\" class=\"wp-image-2090\" width=\"633\" height=\"50\" srcset=\"https:\/\/iesgualeguay-ers.infd.edu.ar\/sitio\/wp-content\/uploads\/2026\/04\/Sin-titulo-2.jpg 1221w, https:\/\/iesgualeguay-ers.infd.edu.ar\/sitio\/wp-content\/uploads\/2026\/04\/Sin-titulo-2-1000x79.jpg 1000w, https:\/\/iesgualeguay-ers.infd.edu.ar\/sitio\/wp-content\/uploads\/2026\/04\/Sin-titulo-2-768x61.jpg 768w\" sizes=\"(max-width: 633px) 100vw, 633px\" \/><\/figure><\/div>\n\n\n<p><strong>La Rector\u00eda del Instituto de Ense\u00f1anza Superior \u201cDr. Luis F. Leloir\u201d<\/strong><\/p>\n\n\n\n<p><strong>LLAMA A CONCURSO seg\u00fan Resoluciones N. \u00ba 2300\/12, N. \u00b0 1471\/16 CGE, N. y Res. 1500\/22 CGE, Resoluci\u00f3n N\u00ba 2000\/22 CGE, Res N: 3535\/23 CGE, Circular N\u00ba 6\/24 JC, Res N\u00ba: 708\/25 CGE y la Circular 05\/25 JC. Circular 08\/25 JC. Res. 708\/25 CGE.<\/strong><\/p>\n\n\n\n<p><strong>Nivel: Superior&nbsp;&nbsp;&nbsp;&nbsp;&nbsp;<\/strong><\/p>\n\n\n\n<p><strong>Formaci\u00f3n Docente. Carpeta de Antecedentes. T\u00edtulo&nbsp; inscripto en el Consejo General de Educaci\u00f3n. Por 5 (cinco) d\u00edas h\u00e1biles desde el 20\/05\/2026 al 27\/05\/2026.<\/strong><\/p>\n\n\n\n<p><strong>Primer Llamado<\/strong><\/p>\n\n\n\n<p><strong><u>Profesorado de Educaci\u00f3n Secundaria en Geograf\u00eda \u2013 Res. N\u00b0766\/14 CGE y Res. N. \u00b0 159\/15 CGE.<\/u><\/strong><\/p>\n\n\n\n<ul>\n<li><strong>Pr\u00e1ctica Docente IV -5 hs. STF- Perfil: Generalista. Plazas SAGE N\u00ba:<\/strong><\/li>\n<\/ul>\n\n\n\n<p><strong>Horario: Jueves: de 18:00 a 18:40 hs \u2013 de 18:40 a 19:20 hs \u2013 de 19:25 a 20:05 hs. viernes de 18:00 a 18:40 hs- 18:40 a 19:20 hs.<\/strong><\/p>\n\n\n\n<p>Perfil: Profesor de\/en: Pedagog\u00eda u hom\u00f3logos. Ciencias de la Educaci\u00f3n u hom\u00f3logos, Filosof\u00eda, Psicolog\u00eda y Pedagog\u00eda, Filosof\u00eda y Pedagog\u00eda, Filosof\u00eda, Psicolog\u00eda y Ciencias de la Educaci\u00f3n, Sociolog\u00eda u hom\u00f3logos, Filosof\u00eda u hom\u00f3logos, Psicolog\u00eda y Ciencias de la Educaci\u00f3n, Pedagog\u00eda y Ciencias de la Educaci\u00f3n, Filosof\u00eda y Ciencias de la Educaci\u00f3n, Psicolog\u00eda y Pedagog\u00eda.<\/p>\n\n\n\n<p>Licenciaturas en los mismos campos del conocimiento de los t\u00edtulos mencionados anteriormente.<\/p>\n\n\n\n<p><strong><u>Profesorado de Educaci\u00f3n Secundaria en Historia&nbsp;<\/u><\/strong>\u2013&nbsp;<strong><u>Res. N\u00b0765\/14 CGE y Res. N. \u00b0 156\/15 CGE.<\/u><\/strong><\/p>\n\n\n\n<ul>\n<li><strong>PROBLEMATICA DEL CONOCIMIENTO HISTORICO SUP- 4 hs. \u2013 1\u00b0 a\u00f1o STF -C\u00e1tedra no compartida. Plazas SAGE N\u00ba: 851291<\/strong><\/li>\n<\/ul>\n\n\n\n<p><strong>Horario: lunes de 19:25 a 20:05 hs- 20:05 &nbsp;a 20:45 hs y mi\u00e9rcoles: de 19:25 a 20:05 hs- 20:05 &nbsp;a 20:45 hs.<\/strong><\/p>\n\n\n\n<p>Perfil, seg\u00fan Resoluci\u00f3n N\u00ba 348\/17 JC<\/p>\n\n\n\n<p>Perfil: Historia u hom\u00f3logos. Ciencias Sociales u hom\u00f3logos. Ciencias Pol\u00edticas u hom\u00f3logos. Sociolog\u00eda u hom\u00f3logos. Historia y Ciencias Jur\u00eddicas y Sociales. Historia y Ciencias Jur\u00eddicas, Pol\u00edticas y Sociales. Historia y Ciencias Jur\u00eddicas. Castellano, Literatura e Historia. Historia y Geograf\u00eda. Historia y Lat\u00edn. Ciencias Pol\u00edticas y Sociales.<\/p>\n\n\n\n<p>Licenciaturas de\/en los mismos campos del conocimiento de los t\u00edtulos mencionados anteriormente.<\/p>\n\n\n\n<p>Licenciado de\/en: Ciencias Pol\u00edticas y Diplom\u00e1ticas. Ciencias Antropol\u00f3gicas. Antrop\u00f3logo.<\/p>\n\n\n\n<ul>\n<li><strong>PROCESOS SOCIALES, POLITICOS, ECON\u00d3MICOS Y CULTURALES DE LOS PUEBLOS ORIGINARIOS DE AM\u00c9RICA- (Asignatura) 3 hs. STF 1\u00ba A\u00f1o-&nbsp; Plazas SAGE N\u00ba: 857459-851280.<\/strong><\/li>\n<\/ul>\n\n\n\n<p><strong>&nbsp;Horario: Lunes de 20:50 a 21:30 hs- de 21:30 a 22:10 y mi\u00e9rcoles de 21:30 a 22:10 hs.<\/strong><\/p>\n\n\n\n<p>Perfil requerido seg\u00fan Resoluci\u00f3n N\u00ba: Resoluci\u00f3n N\u00ba 348\/17 JC<\/p>\n\n\n\n<p>Historia u hom\u00f3logos. Ciencias Sociales u hom\u00f3logos. Ciencias Pol\u00edticas u Hom\u00f3logos. Sociolog\u00eda u hom\u00f3logos. Historia y Ciencias Jur\u00eddicas y Sociales. Historia y Ciencias Jur\u00eddicas, Pol\u00edticas y Sociales. Historia y Ciencias Jur\u00eddicas . Castellano, Literatura e Historia. Historia y Geograf\u00eda. Historia y Lat\u00edn. Ciencias Pol\u00edticas y Sociales. Licenciaturas de \/en los mismos campos del conocimiento de los t\u00edtulos mencionados anteriormente. Licenciado de\/en: Ciencias Pol\u00edticas y Diplom\u00e1ticas. Ciencias Antropol\u00f3gicas. Antrop\u00f3logo. Licenciaturas en el mismo campo del conocimiento de los t\u00edtulos mencionados anteriormente.<\/p>\n\n\n\n<ul>\n<li><strong>EPISTEMOLOGIA DE LA HISTORIA 3 hs STF- 3\u00ba a\u00f1o-Plazas SAGE N\u00ba: 828523-788025<\/strong><\/li>\n<\/ul>\n\n\n\n<p><strong>Horario: mi\u00e9rcoles de 20:50 a 21:30 hs. Jueves 20:50 a 21:30 hs \u2013de 21:30 a 22:10 hs.<\/strong><\/p>\n\n\n\n<p>Perfil: Resoluci\u00f3n N\u00ba 348\/17 JC<\/p>\n\n\n\n<p>Historia u hom\u00f3logos. Historia y Ciencias Jur\u00eddicas y Sociales. Historia y Ciencias Jur\u00eddicas, Pol\u00edticas y Sociales. Historia y Ciencias Jur\u00eddicas. Historia y Geograf\u00eda. Historia y Lat\u00edn.<\/p>\n\n\n\n<p>Licenciaturas de\/en el mismo campo del conocimiento de los t\u00edtulos mencionados anteriormente.<\/p>\n\n\n\n<p><strong>Importante: Los horarios son inamovibles a solicitud de los interesados.<\/strong><\/p>\n\n\n\n<p><strong>___________________________________________________________________<\/strong><\/p>\n\n\n\n<p><strong>Lugar del concurso: Secretar\u00eda del I.E.S 4\u00ba PISO \u2013 Corrientes 198 \u2013 Gualeguay.<\/strong><\/p>\n\n\n\n<p><strong>Fecha del concurso: d\u00edas h\u00e1biles desde el 20\/05\/2026 al 27\/05\/2026.<\/strong><\/p>\n\n\n\n<p><strong>Horario: de 17:00 a 22:00 horas.<\/strong><\/p>\n\n\n<div class=\"wp-block-image\">\n<figure class=\"aligncenter size-full is-resized\"><img decoding=\"async\" loading=\"lazy\" src=\"https:\/\/iesgualeguay-ers.infd.edu.ar\/sitio\/wp-content\/uploads\/2026\/04\/Sin-titulo-2.jpg\" alt=\"\" class=\"wp-image-2090\" width=\"608\" height=\"48\" srcset=\"https:\/\/iesgualeguay-ers.infd.edu.ar\/sitio\/wp-content\/uploads\/2026\/04\/Sin-titulo-2.jpg 1221w, https:\/\/iesgualeguay-ers.infd.edu.ar\/sitio\/wp-content\/uploads\/2026\/04\/Sin-titulo-2-1000x79.jpg 1000w, https:\/\/iesgualeguay-ers.infd.edu.ar\/sitio\/wp-content\/uploads\/2026\/04\/Sin-titulo-2-768x61.jpg 768w\" sizes=\"(max-width: 608px) 100vw, 608px\" \/><\/figure><\/div>\n\n\n<p><strong>La Rector\u00eda del Instituto de Ense\u00f1anza Superior \u201cDr. Luis F. Leloir\u201d<\/strong><\/p>\n\n\n\n<p><strong>LLAMA A CONCURSO seg\u00fan Resoluciones N. \u00ba 2300\/12, N. \u00b0 1471\/16 CGE, N. y Res. 1500\/22 CGE, Resoluci\u00f3n N\u00ba 2000\/22 CGE, Res N: 3535\/23 CGE, Circular N\u00ba 6\/24 JC, Res N\u00ba: 708\/25 CGE y la Circular 05\/25 JC. Circular 08\/25 JC. Res. 708\/25 CGE.<\/strong><\/p>\n\n\n\n<p><strong>Nivel: Superior&nbsp;&nbsp;&nbsp;&nbsp;&nbsp;<\/strong><\/p>\n\n\n\n<p><strong>Formaci\u00f3n Docente. Carpeta de Antecedentes. T\u00edtulo&nbsp; inscripto en el Consejo General de Educaci\u00f3n. Por 5 (cinco) d\u00edas h\u00e1biles desde el 06\/05\/2026 al 12\/05\/2026.<\/strong><\/p>\n\n\n\n<p><strong>Primer Llamado<\/strong><\/p>\n\n\n\n<p><strong><u>Profesorado de Educaci\u00f3n Secundaria en Historia&nbsp;<\/u><\/strong><strong><u>\u2013&nbsp;<\/u><\/strong><strong><u>Res. N\u00b0765\/14 CGE y Res. N. \u00b0 156\/15 CGE.<\/u><\/strong><\/p>\n\n\n\n<ul>\n<li><strong>Oralidad, Lectura y Escritura y TIC. Taller. Plaza Sage N\u00ba: 851285- 3 h. STF. 1\u00ba a\u00f1o<\/strong><\/li>\n<\/ul>\n\n\n\n<p><strong>Horarios: martes de 18:00 a 18:40 hs, de 18:40 a 19:20 hs de 19:25 a 20:05 hs<\/strong><\/p>\n\n\n\n<p><strong>Perfil Lengua.<\/strong><\/p>\n\n\n\n<p><strong>Profesor de\/en: Lengua y Literatura u hom\u00f3logos. Castellano u hom\u00f3logos. Castellano, Literatura y Lat\u00edn. Letras u hom\u00f3logos. Letras Modernas. Literatura u hom\u00f3logos. Literatura y Castellano. Lengua y Literatura Castellana. Castellano y Lat\u00edn. Castellano, Literatura e Historia. Literatura Cl\u00e1sica. Lenguas Cl\u00e1sicas u hom\u00f3logos. Comunicaci\u00f3n Social. Ciencias del Lenguaje y de las Comunicaci\u00f3n u hom\u00f3logos. Ciencias de la Comunicaci\u00f3n.<\/strong><\/p>\n\n\n\n<p><strong>Licenciaturas en el mismo campo del conocimiento de los t\u00edtulos mencionados anteriormente.<\/strong>.<\/p>\n\n\n\n<p><strong><u>Profesorado de Educaci\u00f3n Secundaria en Biolog\u00eda&nbsp;<\/u><\/strong><strong><u>\u2013&nbsp;<\/u><\/strong><strong><u>Res. N. \u00b0 0761\/14 CGE y Res. N. \u00b0 0147\/15 CGE.<\/u><\/strong><\/p>\n\n\n\n<p> <strong>-Oralidad, Lectura y Escritura y TIC. Taller. Plaza Sage N\u00ba: 520624-3 hs. STF. 1\u00ba a\u00f1o&nbsp;<\/strong><\/p>\n\n\n\n<p><strong>Horarios: mi\u00e9rcoles de 19:25 a 20:05 hs, de 20:05 a 20:45 hs y de 20:50 a 21:30 hs<\/strong><\/p>\n\n\n\n<p><strong>Perfil Lengua.<\/strong><\/p>\n\n\n\n<p><strong>Profesor de\/en: Lengua y Literatura u hom\u00f3logos. Castellano u hom\u00f3logos. Castellano, Literatura y Lat\u00edn. Letras u hom\u00f3logos. Letras Modernas. Literatura u hom\u00f3logos. Literatura y Castellano. Lengua y Literatura Castellana. Castellano y Lat\u00edn. Castellano, Literatura e Historia. Literatura Cl\u00e1sica. Lenguas Cl\u00e1sicas u hom\u00f3logos. Comunicaci\u00f3n Social. Ciencias del Lenguaje y de las Comunicaci\u00f3n u hom\u00f3logos. Ciencias de la Comunicaci\u00f3n.<\/strong><\/p>\n\n\n\n<p><strong>Licenciaturas en el mismo campo del conocimiento de los t\u00edtulos mencionados anteriormente.<\/strong><\/p>\n\n\n\n<p><strong><u>Profesorado de Educaci\u00f3n Secundaria en Matem\u00e1tica&nbsp;<\/u><\/strong><strong><u>\u2013&nbsp;<\/u><\/strong><strong><u>Res. N. \u00b0 0764\/14 CGE y Res. N. \u00b0 0725\/15 CGE.<\/u><\/strong><\/p>\n\n\n\n<p> <strong>-Oralidad, Lectura y Escritura y TIC. Taller. Plaza Sage N\u00ba: 520597- 3 hs. STF. 1\u00ba a\u00f1o&nbsp;<\/strong><\/p>\n\n\n\n<p><strong>Horarios: martes de&nbsp; 20:05 a 20:45 hs \u2013 de 20:50 a 21:30 hs-de 21:30 a 22:10<\/strong><\/p>\n\n\n\n<p><strong>Perfil Lengua.<\/strong><\/p>\n\n\n\n<p><strong>Profesor de\/en: Lengua y Literatura u hom\u00f3logos. Castellano u hom\u00f3logos. Castellano, Literatura y Lat\u00edn. Letras u hom\u00f3logos. Letras Modernas. Literatura u hom\u00f3logos. Literatura y Castellano. Lengua y Literatura Castellana. Castellano y Lat\u00edn. Castellano, Literatura e Historia. Literatura Cl\u00e1sica. Lenguas Cl\u00e1sicas u hom\u00f3logos. Comunicaci\u00f3n Social. Ciencias del Lenguaje y de las Comunicaci\u00f3n u hom\u00f3logos. Ciencias de la Comunicaci\u00f3n.<\/strong><\/p>\n\n\n\n<p><strong>Los horarios son inamovibles a solicitud de los interesados.<\/strong><\/p>\n\n\n\n<p><strong>Lugar del concurso: Secretar\u00eda del I.E.S 4\u00ba PISO \u2013 Corrientes 198 \u2013 Gualeguay<\/strong><\/p>\n\n\n\n<p><strong>Fecha del concurso: d\u00edas h\u00e1biles desde el 06\/05\/2026 al 12\/05\/2026.<\/strong><\/p>\n\n\n\n<p><strong>Horario: de 17:00 a 22:00 horas<\/strong><\/p>\n\n\n\n<p><strong>Gualeguay, 5 de mayo de 2026.<\/strong><\/p>\n\n\n<div class=\"wp-block-image\">\n<figure class=\"aligncenter size-full is-resized\"><img decoding=\"async\" loading=\"lazy\" src=\"https:\/\/iesgualeguay-ers.infd.edu.ar\/sitio\/wp-content\/uploads\/2026\/04\/Sin-titulo-2.jpg\" alt=\"\" class=\"wp-image-2090\" width=\"598\" height=\"47\" srcset=\"https:\/\/iesgualeguay-ers.infd.edu.ar\/sitio\/wp-content\/uploads\/2026\/04\/Sin-titulo-2.jpg 1221w, https:\/\/iesgualeguay-ers.infd.edu.ar\/sitio\/wp-content\/uploads\/2026\/04\/Sin-titulo-2-1000x79.jpg 1000w, https:\/\/iesgualeguay-ers.infd.edu.ar\/sitio\/wp-content\/uploads\/2026\/04\/Sin-titulo-2-768x61.jpg 768w\" sizes=\"(max-width: 598px) 100vw, 598px\" \/><\/figure><\/div>\n\n\n<p><strong>La Rector\u00eda del Instituto de Ense\u00f1anza Superior \u201cDr. Luis F. Leloir\u201d<\/strong><\/p>\n\n\n\n<p><strong>Llama a Concurso seg\u00fan Resoluciones N. \u00ba 2300\/12, N. \u00b0 1471\/16 CGE, N. y Res. 1500\/22 CGE, Resoluci\u00f3n N\u00ba 2000\/22 CGE, Res N: 3535\/23 CGE, Circular N\u00ba 6\/24 JC, Res N\u00ba: 708\/25 CGE y la Circular 05\/25 JC. Circular 08\/25 JC. Res. 708\/25 CGE.<\/strong><\/p>\n\n\n\n<p><strong>Formaci\u00f3n Docente.<\/strong><\/p>\n\n\n\n<p><strong>Nivel Superior: Carpeta de Antecedentes. T\u00edtulo&nbsp; inscripto en el Consejo General de Educaci\u00f3n. Por 3 (tres) d\u00edas h\u00e1biles desde el 06\/05\/2026 al 08\/05\/2026.<\/strong><\/p>\n\n\n\n<p><strong>Segundo Llamado<\/strong><\/p>\n\n\n\n<p><strong><u>Profesorado de Educaci\u00f3n Secundaria en F\u00edsica&nbsp;<\/u><\/strong><strong><u>\u2013 Res. N\u00b0758\/14 CGE<\/u><\/strong><\/p>\n\n\n\n<ul>\n<li><strong>Fen\u00f3menos Termodin\u00e1micos\u2013 4 hs STF. (Asignatura\/taller) 2\u00ba a\u00f1o Plaza SAGE N\u00ba: 846443<\/strong><\/li>\n<\/ul>\n\n\n\n<p>Horarios: lunes de 18:00 a 18:40 hs- de 18:40 a 19:20. Mi\u00e9rcoles de 19:25 a 20:05 hs \u2013 de 20:05 a 20:45 hs<\/p>\n\n\n\n<p>Perfil, seg\u00fan Resoluci\u00f3n N\u00ba. 314-17 JC<\/p>\n\n\n\n<p>Profesor de\/en:<\/p>\n\n\n\n<p>F\u00edsica u hom\u00f3logos. Ciencias F\u00edsica y Matem\u00e1tica. F\u00edsica y Matem\u00e1tica. F\u00edsica y Cosmograf\u00eda. F\u00edsica y Qu\u00edmica. Matem\u00e1tica y F\u00edsica. Matem\u00e1tica, F\u00edsica y Cosmograf\u00eda. Matem\u00e1tica, F\u00edsica y Qu\u00edmica.<\/p>\n\n\n\n<p>Licenciaturas en los mismos campos del conocimiento de los t\u00edtulos mencionadas anteriormente.<\/p>\n\n\n\n<p>Ingeniero de\/en: Civil. Construcci\u00f3n. Construcci\u00f3n de Obras. Mec\u00e1nico. Industrial. Mec\u00e1nico Industrial. Mec\u00e1nico Metal\u00fargico. Electricista. Mec\u00e1nico Electricista.&nbsp; Electromec\u00e1nico. Mec\u00e1nico Aeron\u00e1utico. Biof\u00edsico. Bioingeniero<\/p>\n\n\n\n<p><strong>Importante: Los horarios son inamovibles a solicitud de los interesados.<\/strong><\/p>\n\n\n\n<p><strong>Lugar del concurso: Secretar\u00eda del I.E.S 4\u00ba PISO \u2013 Corrientes 198 \u2013 Gualeguay<\/strong><\/p>\n\n\n\n<p><strong>Fecha del concurso: desde el 6\/05\/2026 al 08\/05\/2026<\/strong><\/p>\n\n\n\n<p><strong>Horario: de 17:00 a 22:00 horas<\/strong><\/p>\n\n\n\n<p><strong>Gualeguay, 5 de mayo de 2026<\/strong><\/p>\n\n\n<div class=\"wp-block-image\">\n<figure class=\"aligncenter size-full is-resized\"><img decoding=\"async\" loading=\"lazy\" src=\"https:\/\/iesgualeguay-ers.infd.edu.ar\/sitio\/wp-content\/uploads\/2026\/04\/Sin-titulo-2.jpg\" alt=\"\" class=\"wp-image-2090\" width=\"630\" height=\"50\" srcset=\"https:\/\/iesgualeguay-ers.infd.edu.ar\/sitio\/wp-content\/uploads\/2026\/04\/Sin-titulo-2.jpg 1221w, https:\/\/iesgualeguay-ers.infd.edu.ar\/sitio\/wp-content\/uploads\/2026\/04\/Sin-titulo-2-1000x79.jpg 1000w, https:\/\/iesgualeguay-ers.infd.edu.ar\/sitio\/wp-content\/uploads\/2026\/04\/Sin-titulo-2-768x61.jpg 768w\" sizes=\"(max-width: 630px) 100vw, 630px\" \/><\/figure><\/div>\n\n\n<p><strong>La Rector\u00eda del Instituto de Ense\u00f1anza Superior \u201cDr. Luis F. Leloir\u201d<\/strong><\/p>\n\n\n\n<p><strong>Llama a Concurso seg\u00fan Resoluciones N. \u00ba 2300\/12, N. \u00b0 1471\/16 CGE, N. y Res. 1500\/22 CGE, Resoluci\u00f3n N\u00ba 2000\/22 CGE, Res N: 3535\/23 CGE, Circular N\u00ba 6\/24 JC, Res N\u00ba: 708\/25 CGE y la Circular 05\/25 JC. Circular 08\/25 JC. Res. 708\/25 CGE.<\/strong><\/p>\n\n\n\n<p><strong>Formaci\u00f3n Docente.<\/strong><\/p>\n\n\n\n<p><strong>Nivel Superior: Carpeta de Antecedentes. T\u00edtulo&nbsp; inscripto en el Consejo General de Educaci\u00f3n. Por 5 (cinco) d\u00edas h\u00e1biles desde el 04\/05\/2026 al 08\/05\/2026.<\/strong><\/p>\n\n\n\n<p><strong>Primer Llamado<\/strong><\/p>\n\n\n\n<p><strong><u>Profesorado de Educaci\u00f3n Secundaria en F\u00edsica&nbsp;<\/u><\/strong><strong><u>\u2013 Res. N\u00b0758\/14 CGE<\/u><\/strong><\/p>\n\n\n\n<ul>\n<li><strong>Fen\u00f3menos Mec\u00e1nicos II (Asignatura-Taller)- 4 hs. \u2013<\/strong>&nbsp;<strong>2\u00b0 a\u00f1o STF -C\u00e1tedra no compartida. Plazas Sage:760467-822922.<\/strong><\/li>\n<\/ul>\n\n\n\n<p><strong>Horario:<\/strong>&nbsp;lunes: 18:00 a 18:40 hs. \u2013 de 18.40 a 19.20 hs. \u2013 martes: de 20.05 a 20.45 hs. y de 20:50 a 21:30 hs.<\/p>\n\n\n\n<p><strong>Perfil, seg\u00fan Resoluci\u00f3n N\u00ba314-17 JC:<\/strong><\/p>\n\n\n\n<p>Profesor de\/en: F\u00edsica u hom\u00f3logos. Ciencias F\u00edsica y Matem\u00e1tica. F\u00edsica y Matem\u00e1tica. F\u00edsica y Cosmograf\u00eda. F\u00edsica y Qu\u00edmica. Matem\u00e1tica y F\u00edsica. Matem\u00e1tica, F\u00edsica y Cosmograf\u00eda. Matem\u00e1tica, F\u00edsica y Qu\u00edmica. Licenciaturas en los mismos campos del conocimiento de los t\u00edtulos mencionados anteriormente. Licenciado en Biotecnolog\u00eda. Ingeniero\/de\/en: Civil. Construcci\u00f3n. Construcci\u00f3n de obras. Mec\u00e1nico. Industrial. Mec\u00e1nico industrial. Mec\u00e1nico Metal\u00fargico. Electricista. Mec\u00e1nico Electricista. Electromec\u00e1nico. Mec\u00e1nico Aeron\u00e1utico. Biof\u00edsico. Bioingeniero.<\/p>\n\n\n\n<p><strong><u>Profesorado de Educaci\u00f3n Secundaria en Qu\u00edmica&nbsp;<\/u><\/strong><strong><u>\u2013&nbsp;<\/u><\/strong><strong><u>Res. N. \u00b0 0762\/14 CGE y Res. N. \u00b0 0179\/15 CGE.<\/u><\/strong><\/p>\n\n\n\n<ul>\n<li><strong>F\u00edsica II (Asignatura) \u2013 3 hs. 2\u00b0 a\u00f1o STF \u2013 C\u00e1tedra no compartida. Plazas Sage: 619971-571269<\/strong><\/li>\n<\/ul>\n\n\n\n<p><strong>Horario:&nbsp;<\/strong>lunes de 19:25 a 20:05hs- de 20:05 a 20:45 hs., de 20:50 a 21:30 hs.<\/p>\n\n\n\n<p><strong>Perfil seg\u00fan Res. 315\/17 JC, Res. 28\/16 JC, y Res. 21\/16 JC<\/strong><strong>.<\/strong><\/p>\n\n\n\n<p>Profesor de\/en:<\/p>\n\n\n\n<p>F\u00edsica u hom\u00f3logos. Ciencias F\u00edsicas y Matem\u00e1tica. F\u00edsica y Matem\u00e1tica. F\u00edsica y Cosmograf\u00eda. F\u00edsica y Qu\u00edmica.&nbsp; Matem\u00e1tica y F\u00edsica. Matem\u00e1tica, F\u00edsica y Cosmograf\u00eda. Matem\u00e1tica, F\u00edsica y Qu\u00edmica.<\/p>\n\n\n\n<p>Licenciado los mismos campos del conocimiento de los t\u00edtulos mencionados anteriormente.<\/p>\n\n\n\n<p>Ingeniero de\/en: Civil. Construcci\u00f3n. Construcci\u00f3n de Obras. Mec\u00e1nico. Industrial. Mec\u00e1nico Metal\u00fargico. Electricista. Mec\u00e1nico Electricista. Mec\u00e1nico Aeron\u00e1utico. Biof\u00edsico. Bioingeniero.<\/p>\n\n\n\n<p>__________________________________________________________________<\/p>\n\n\n\n<p><strong>Importante: Los horarios son inamovibles a solicitud de los interesados ___________________________________________________________________<\/strong><\/p>\n\n\n\n<p><strong>Lugar del concurso: Secretar\u00eda del I.E.S 4\u00ba PISO \u2013 Corrientes 198 \u2013 Gualeguay<\/strong><\/p>\n\n\n\n<p><strong>Fecha del concurso: desde el 04\/05\/2026 al 08\/05\/2026-Horario: de 17:00 a 22:00 horas<\/strong><\/p>\n\n\n\n<p><strong>Gualeguay, 28 de abril de 2026<\/strong><\/p>\n\n\n<div class=\"wp-block-image\">\n<figure class=\"aligncenter size-full is-resized\"><img decoding=\"async\" loading=\"lazy\" src=\"https:\/\/iesgualeguay-ers.infd.edu.ar\/sitio\/wp-content\/uploads\/2026\/04\/Sin-titulo-2.jpg\" alt=\"\" class=\"wp-image-2090\" width=\"614\" height=\"49\" srcset=\"https:\/\/iesgualeguay-ers.infd.edu.ar\/sitio\/wp-content\/uploads\/2026\/04\/Sin-titulo-2.jpg 1221w, https:\/\/iesgualeguay-ers.infd.edu.ar\/sitio\/wp-content\/uploads\/2026\/04\/Sin-titulo-2-1000x79.jpg 1000w, https:\/\/iesgualeguay-ers.infd.edu.ar\/sitio\/wp-content\/uploads\/2026\/04\/Sin-titulo-2-768x61.jpg 768w\" sizes=\"(max-width: 614px) 100vw, 614px\" \/><\/figure><\/div>\n\n\n<p><strong>La Rector\u00eda del Instituto de Ense\u00f1anza Superior \u201cDr. Luis F. Leloir\u201d<\/strong><\/p>\n\n\n\n<p><strong>LLAMA A CONCURSO seg\u00fan Resoluciones N. \u00ba 2300\/12,<\/strong>&nbsp;<strong>&nbsp;&nbsp;Art. 5\u00b0, 6\u00b0 y 7\u00b0; &nbsp;&nbsp;N. \u00b0 1471\/16 CGE; y Res. 1500\/22 CGE, y Circular 09\/13 JC.<\/strong>&nbsp;<strong>Resoluci\u00f3n N\u00ba 2000\/22 CGE, Disposici\u00f3n 18\/23 DES.&nbsp;<\/strong>&nbsp;<strong>Circular 05\/25 JC, Circular 08\/25 JC. Res. 708\/25 CGE. Resoluci\u00f3n N\u00ba 3535\/23 CGE., Circular N\u00ba 6\/24 JC., CON PRESENTACI\u00d3N DE CARPETA DE ANTECEDENTES Y PROYECTO (deber\u00e1 presentarse en sobre cerrado, con seud\u00f3nimo. Este deber\u00e1 ser escrito en el proyecto y en el sobre).<\/strong><\/p>\n\n\n\n<p><strong>Desde el 13 al 15 de Abril de 2026<\/strong><\/p>\n\n\n\n<p><strong>Nivel: Superior<\/strong><\/p>\n\n\n\n<p><strong>Formaci\u00f3n Docente. Presentaci\u00f3n de Proyecto y Carpeta de Antecedentes.<\/strong><\/p>\n\n\n\n<p><strong>Segundo Llamado<\/strong><\/p>\n\n\n\n<p><strong>Convocatoria a concurso para cubrir horas del ciclo lectivo 2026, seg\u00fan Resoluci\u00f3n N. \u00ba 2300\/12 C.G.E., Cap\u00edtulo II, Art. 3\u00ba y Art. 9\u00ba.<\/strong><\/p>\n\n\n\n<p><strong><u>Profesorado de Educaci\u00f3n Secundaria en Geograf\u00eda&nbsp;<\/u><\/strong><strong><u>\u2013&nbsp;<\/u><\/strong><strong><u>Res. N\u00b0766\/14 CGE y Res. N. \u00b0 159\/15 CGE.<\/u><\/strong><\/p>\n\n\n\n<ul>\n<li><strong>3 hs de Unidad de Definici\u00f3n institucional UDI (Taller) \u2013. 4\u00ba a\u00f1o STF \u2013 C\u00e1tedra no compartida. Presentaci\u00f3n de proyecto. Formato Seminario. Plaza N\u00ba:826850-835333<\/strong><\/li>\n<\/ul>\n\n\n\n<p><strong>Horario:<\/strong>&nbsp;mi\u00e9rcoles de 17:20 a 18:00 hs \u2013 de 18:00 a 18:40 hs- 18:40 a 19:20 hs.<\/p>\n\n\n\n<p><strong>Perfil, seg\u00fan Resoluci\u00f3n N\u00ba0332-17 JC&nbsp;<\/strong><strong>y&nbsp;<\/strong>Resoluci\u00f3n de Consejo Directivo Institucional, Acta N.\u00ba 52 del d\u00eda 12 de noviembre de 2025<\/p>\n\n\n\n<p>Profesor de\/en: Geograf\u00eda u hom\u00f3logos. Historia y Geograf\u00eda. Geograf\u00eda y Ciencias Sociales.<\/p>\n\n\n\n<p>Geograf\u00eda y Ciencias Biol\u00f3gicas.<\/p>\n\n\n\n<p>Licenciaturas en los mismos campos del conocimiento de los mencionados anteriormente.<\/p>\n\n\n\n<p><strong>Lineamientos Generales de contenidos:<\/strong><\/p>\n\n\n\n<p>Nombre: Geograf\u00eda Social<\/p>\n\n\n\n<ul>\n<li>Geograf\u00eda de la Salud<\/li>\n\n\n\n<li>Geograf\u00eda del G\u00e9nero<\/li>\n\n\n\n<li>Geograf\u00eda del Desarrollo<\/li>\n<\/ul>\n\n\n\n<p>Observaciones: se sugiere incorporar estrategias metodol\u00f3gicas tales como estudio de casos, microgeograf\u00edas y an\u00e1lisis de situaciones a escala local. Utilizaci\u00f3n de diversidad de productos cartogr\u00e1ficos. Profundizaci\u00f3n en procesos de escritura acad\u00e9mica.<\/p>\n\n\n\n<p><strong>Condiciones pedag\u00f3gico-did\u00e1cticas:&nbsp;<\/strong>Solicitar en Secretar\u00eda Administrativa o Acad\u00e9mica&nbsp;<strong><em>Plan Marco de Definici\u00f3n Institucional<\/em><\/strong>&nbsp;de la unidad curricular.<\/p>\n\n\n\n<p><strong>Importante:&nbsp;<\/strong>Los lineamientos generales de contenidos de esta unidad est\u00e1n sujetos a modificaciones de acuerdo a las necesidades de desarrollo curricular institucional.&nbsp;<strong>Los horarios son inamovibles.<\/strong><\/p>\n\n\n\n<p>\u2014\u2014\u2014\u2014\u2014\u2014\u2014\u2014\u2014\u2014\u2014\u2014\u2014\u2014\u2014\u2014\u2014\u2014\u2014\u2014\u2014\u2014\u2014\u2014\u2014\u2014\u2014\u2014\u2014\u2014\u2014\u2014\u2014\u2014\u2014\u2014\u2014\u2014\u2014\u2014\u2014-<\/p>\n\n\n\n<p><strong>Lugar del concurso: Secretar\u00eda del I.E.S 4\u00ba PISO \u2013 Corrientes 198 \u2013 Gualeguay<\/strong><\/p>\n\n\n\n<p><strong>Fecha del concurso: d\u00edas h\u00e1biles desde el 13\/04\/2026 al 15\/04\/2026.<\/strong><\/p>\n\n\n\n<p><strong>Horario: de 17:00 a 22:00 horas.<\/strong><\/p>\n\n\n<div class=\"wp-block-image\">\n<figure class=\"aligncenter size-full is-resized\"><img decoding=\"async\" loading=\"lazy\" src=\"https:\/\/iesgualeguay-ers.infd.edu.ar\/sitio\/wp-content\/uploads\/2026\/04\/Sin-titulo.jpg\" alt=\"\" class=\"wp-image-2034\" width=\"566\" height=\"45\" srcset=\"https:\/\/iesgualeguay-ers.infd.edu.ar\/sitio\/wp-content\/uploads\/2026\/04\/Sin-titulo.jpg 1221w, https:\/\/iesgualeguay-ers.infd.edu.ar\/sitio\/wp-content\/uploads\/2026\/04\/Sin-titulo-1000x79.jpg 1000w, https:\/\/iesgualeguay-ers.infd.edu.ar\/sitio\/wp-content\/uploads\/2026\/04\/Sin-titulo-768x61.jpg 768w\" sizes=\"(max-width: 566px) 100vw, 566px\" \/><\/figure><\/div>\n\n\n<p><strong>La Rector\u00eda del Instituto de Ense\u00f1anza Superior \u201cDr. Luis F. Leloir\u201d<\/strong><\/p>\n\n\n\n<p><strong>LLAMA A CONCURSO seg\u00fan Resoluciones N. \u00ba 2300\/12, N. \u00b0 1471\/16 CGE, N. y Res. 1500\/22 CGE, Resoluci\u00f3n N\u00ba 2000\/22 CGE, Res N: 3535\/23 CGE, Circular N\u00ba 6\/24 JC, Res N\u00ba: 708\/25 CGE y la Circular 05\/25 JC. Circular 08\/25 JC. Res. 708\/25 CGE.<\/strong><\/p>\n\n\n\n<p><strong>Nivel: Superior&nbsp;&nbsp;&nbsp;&nbsp;&nbsp;<\/strong><\/p>\n\n\n\n<p><strong>Formaci\u00f3n Docente. Carpeta de Antecedentes. T\u00edtulo&nbsp; inscripto en el Consejo General de Educaci\u00f3n. Por 5 (cinco) d\u00edas h\u00e1biles desde el 01\/04\/2026 al 09\/04\/2026.<\/strong><\/p>\n\n\n\n<p><strong>Primer Llamado<\/strong><\/p>\n\n\n\n<p><strong><u>Profesorado de Educaci\u00f3n Secundaria en Historia&nbsp;<\/u><\/strong><strong><u>\u2013&nbsp;<\/u><\/strong><strong><u>Res. N\u00b0765\/14 CGE y Res. N. \u00b0 156\/15 CGE.<\/u><\/strong><\/p>\n\n\n\n<ul>\n<li><strong>Pr\u00e1ctica Docente I (Taller)- 3 hs. \u2013<\/strong>&nbsp;<strong>1\u00b0 a\u00f1o STF \u2013 Equipo de C\u00e1tedra. Plaza SAGE N\u00ba: 851288<\/strong><\/li>\n<\/ul>\n\n\n\n<p><strong>Horario: jueves de 20:50 a 21:30 hs. y de 21:30 a 22:10 hs; viernes de 20:50 a 21:30 hs.<\/strong><\/p>\n\n\n\n<p><strong>Perfil Generalista, seg\u00fan Resoluci\u00f3n N\u00ba0348-17 JC: &nbsp;&nbsp;&nbsp;&nbsp;&nbsp;<\/strong><\/p>\n\n\n\n<p>Profesor de\/en: Pedagog\u00eda u hom\u00f3logos. Ciencias de la Educaci\u00f3n u hom\u00f3logos. Filosof\u00eda, Psicolog\u00eda y Pedagog\u00eda. Filosof\u00eda y Pedagog\u00eda. Filosof\u00eda, Psicolog\u00eda y Ciencias de la Educaci\u00f3n. Sociolog\u00eda u hom\u00f3logos. Filosof\u00eda u hom\u00f3logos. Psicolog\u00eda y Ciencias de la Educaci\u00f3n. Pedagog\u00eda y Ciencias de la Educaci\u00f3n. Filosof\u00eda y Ciencias de la Educaci\u00f3n. Psicolog\u00eda y Pedagog\u00eda.<\/p>\n\n\n\n<p>Licenciaturas en los mismos campos del conocimiento de los t\u00edtulos mencionados anteriormente.<\/p>\n\n\n\n<p><strong><u>Profesorado de Educaci\u00f3n Secundaria en F\u00edsica&nbsp;<\/u><\/strong><strong><u>\u2013 Res. N\u00b0758\/14 CGE<\/u><\/strong><\/p>\n\n\n\n<ul>\n<li><strong>Fen\u00f3menos Termodin\u00e1micos II<\/strong>&nbsp;\u2013 4 hs STF. (Asignatura\/taller) 2\u00ba a\u00f1o Plaza SAGE N\u00ba: 846443<\/li>\n<\/ul>\n\n\n\n<p><strong>Horarios<\/strong>: lunes de 18:00 a 18:40 hs- de 18:40 a 19:20<\/p>\n\n\n\n<p><strong>Perfil, seg\u00fan Resoluci\u00f3n N\u00ba<\/strong>.&nbsp;<strong>314-17 JC<\/strong><\/p>\n\n\n\n<p><strong>Profesor de\/en:<\/strong><\/p>\n\n\n\n<p>F\u00edsica u hom\u00f3logos. Ciencias F\u00edsica y Matem\u00e1tica. F\u00edsica y Matem\u00e1tica. F\u00edsica y Cosmograf\u00eda. F\u00edsica y Qu\u00edmica. Matem\u00e1tica y F\u00edsica. Matem\u00e1tica, F\u00edsica y Cosmograf\u00eda. Matem\u00e1tica, F\u00edsica y Qu\u00edmica.<\/p>\n\n\n\n<p>Licenciaturas en los mismos campos del conocimiento de los t\u00edtulos mencionadas anteriormente.<\/p>\n\n\n\n<p>Ingeniero de\/en: Civil. Construcci\u00f3n. Construcci\u00f3n de Obras. Mec\u00e1nico. Industrial. Mec\u00e1nico Industrial. Mec\u00e1nico Metal\u00fargico. Electricista. Mec\u00e1nico Electricista.&nbsp; Electromec\u00e1nico. Mec\u00e1nico Aeron\u00e1utico. Biof\u00edsico. Bioingeniero<strong>&nbsp;&nbsp;&nbsp;&nbsp;&nbsp;&nbsp;&nbsp;&nbsp;&nbsp;&nbsp;&nbsp;&nbsp;&nbsp;&nbsp;&nbsp;&nbsp;&nbsp;&nbsp;&nbsp;&nbsp;&nbsp;&nbsp;&nbsp;&nbsp;&nbsp;&nbsp;&nbsp;&nbsp;&nbsp;&nbsp;&nbsp;&nbsp;&nbsp;&nbsp;&nbsp;&nbsp;&nbsp;&nbsp;&nbsp;&nbsp;&nbsp;<\/strong><\/p>\n\n\n\n<ul>\n<li><strong>Pr\u00e1ctica Docente IV (Taller) \u2013 7 hs. \u2013 4\u00ba a\u00f1o STF \u2013 C\u00e1tedra compartida.<\/strong><\/li>\n<\/ul>\n\n\n\n<p><strong>Horario:&nbsp;<\/strong>martes de 18:00 a 18:40 hs \u2013de 18:40 a 19:20 hs- de 19:20 a 20:05 hs.<\/p>\n\n\n\n<p><strong>Perfil Generalista, seg\u00fan Resoluci\u00f3n N. \u00ba 314-17 JC<\/strong>:<\/p>\n\n\n\n<p>Profesor de Pedagog\u00eda u hom\u00f3logos. Profesor de Ciencias de la Educaci\u00f3n. Profesor de Filosof\u00eda. Psicolog\u00eda y Pedagog\u00eda. Profesor de Filosof\u00eda y Pedagog\u00eda. Profesor de Filosof\u00eda, Psicolog\u00eda y Ciencias de la Educaci\u00f3n. Profesor de Sociolog\u00eda y hom\u00f3logos. Filosof\u00eda u hom\u00f3logos. Profesor de Psicolog\u00eda y Ciencias de la Educaci\u00f3n. Profesor de Pedagog\u00eda y Ciencias de la Educaci\u00f3n. Profesor de Filosof\u00eda y Ciencias de la Educaci\u00f3n. Profesor de Psicolog\u00eda y Pedagog\u00eda.<\/p>\n\n\n\n<p>Licenciaturas en los mismos campos del conocimiento de los t\u00edtulos mencionados anteriormente.<\/p>\n\n\n\n<p><strong>Perfil Disciplinar,<\/strong><strong>&nbsp;seg\u00fan Resoluci\u00f3n N. \u00ba 314-17 JC<\/strong>:&nbsp;<strong>&nbsp;<\/strong><\/p>\n\n\n\n<p>Profesor de\/en<\/p>\n\n\n\n<p>F\u00edsica u hom\u00f3logos. Ciencias F\u00edsica y Matem\u00e1tica. F\u00edsica y Matem\u00e1tica. F\u00edsica y Cosmograf\u00eda. F\u00edsica y Qu\u00edmica. Matem\u00e1tica y F\u00edsica. Matem\u00e1tica, F\u00edsica y Cosmograf\u00eda. Matem\u00e1tica, F\u00edsica y Qu\u00edmica.<\/p>\n\n\n\n<p>Licenciaturas en los mismos campos del conocimiento de los t\u00edtulos mencionadas anteriormente.<\/p>\n\n\n\n<p>Ingeniero de\/en: Civil. Construcci\u00f3n. Construcci\u00f3n de Obras. Mec\u00e1nico. Industrial. Mec\u00e1nico Industrial. Mec\u00e1nico Metal\u00fargico. Electricista. Mec\u00e1nico Electricista. &nbsp;Electromec\u00e1nico. Mec\u00e1nico Aeron\u00e1utico. Biof\u00edsico. Bioingeniero.<\/p>\n\n\n\n<p><strong><u>Profesorado de Educaci\u00f3n Secundaria en Biolog\u00eda&nbsp;<\/u><\/strong><strong><u>\u2013&nbsp;<\/u><\/strong><strong><u>Res. N. \u00b0 0761\/14 CGE y Res. N. \u00b0 0147\/15 CGE.<\/u><\/strong><\/p>\n\n\n\n<ul>\n<li><strong>Ciencias de la Tierra. 3 hs STF. 1\u00ba a\u00f1o (Asignatura) Plaza SAGE N\u00ba: 520629-828037<\/strong><\/li>\n<\/ul>\n\n\n\n<p>Horario: Lunes de 20:50 a 21:30 hs \u2013 de 21:30 a 22:10 hs.<\/p>\n\n\n\n<p><strong>Perfil,&nbsp; seg\u00fan Resoluci\u00f3n N\u00ba: 283-17 JC<\/strong><\/p>\n\n\n\n<p>Profesor de\/en:<\/p>\n\n\n\n<p>Ciencias Biol\u00f3gicas u hom\u00f3logos. Ciencias Biol\u00f3gicas y Qu\u00edmicas. Biolog\u00eda u hom\u00f3logos. Tercer Ciclo de la EGB y de la Educaci\u00f3n Polimodal en Biolog\u00eda. Ciencias Naturales u hom\u00f3logos. Ciencias Exactas y Naturales. Geograf\u00eda y Ciencias Biol\u00f3gicas. Geograf\u00eda u hom\u00f3logos. Tercer Ciclo de la EGB y la Educaci\u00f3n Polimodal en Geograf\u00eda.<\/p>\n\n\n\n<p>Ciencias Agrarias y\/o Agropecuarias. Agr\u00edcolas y\/o Ganaderas.<\/p>\n\n\n\n<p>Licenciado de\/en:<\/p>\n\n\n\n<p>Ciencias Naturales. Biolog\u00eda. Biodiversidad.<\/p>\n\n\n\n<p>Ciencias Geol\u00f3gicas. Edafolog\u00eda. Geolog\u00eda<strong>.<\/strong><\/p>\n\n\n\n<p><strong>______________________________________________________________<\/strong><\/p>\n\n\n\n<p><strong>Cargo: Bibliotecario de Instituto Superior. STF. Turno vespertino. Horario: de lunes a viernes de 18:00 a 22:00 hs. Plaza SAGE N\u00ba: 128555<\/strong><\/p>\n\n\n\n<p>Perfil. Seg\u00fan Resoluci\u00f3n N. \u00ba 2545\/9 CGE. Educaci\u00f3n Superior.<\/p>\n\n\n\n<p>Perfil Car\u00e1cter Docente: Bibliotecario (Titulo de Nivel Terciario Universitario o no Universitario de 3 a\u00f1os como m\u00ednimo de duraci\u00f3n de los estudios), profesor en Bibliotecolog\u00eda y Documentaci\u00f3n, profesor en Ense\u00f1anza Media y Superior en Ciencias de la Informaci\u00f3n y Metodolog\u00eda de Estudios con especialidad en Bibliotecolog\u00eda y Metodolog\u00eda de Estudios o Archivista y Metodolog\u00eda de Estudio, Bibliotecario Escolar acompa\u00f1ado de T\u00edtulo Docente de Nivel Terciario para cualquier asignatura o cargo de Nivel Me-dio o Superior.<\/p>\n\n\n\n<p>Perfil Car\u00e1cter Habilitante: Bibliotecario (de 2 a\u00f1os de duraci\u00f3n), Bibliotecario Documentalista, Bibliotecario Escolar, Bibliotecario Profesional, Auxiliar de Bibliotecas (2 a\u00f1os de estudios), Bibliotec\u00f3logo, Licenciado en Bibliotecolog\u00eda y Cs. de la Informaci\u00f3n, Licenciado en Bibliotecolog\u00eda y Documentaci\u00f3n, Bibliotecario de Instituciones Educativas, Licenciado en Bibliotecolog\u00eda y Sistema de Informaci\u00f3n, Diplomado en Bibliotecolog\u00eda y Cs. de la Informaci\u00f3n, Licenciado en Cs. de la Informaci\u00f3n Orientaci\u00f3n Bibliotecolog\u00eda, T\u00e9cnico Superior en Comunicaci\u00f3n y Administraci\u00f3n de Bibliotecas, Post\u00edtulo de Formaci\u00f3n Universitaria en Bibliotecolog\u00eda y Documentaci\u00f3n, T\u00e9cnico Bibliotecario Documentalista.<\/p>\n\n\n\n<p>Perfil Car\u00e1cter Supletorio: Auxiliar en Biblioteca (Titulo de Nivel Terciario Universitario o No Universitario de dos a\u00f1os como m\u00ednimo de duraci\u00f3n de los estudios).<\/p>\n\n\n\n<p><strong>Los horarios son inamovibles a solicitud de los interesados.<\/strong><\/p>\n\n\n\n<p><strong>Lugar del concurso: Secretar\u00eda del I.E.S 4\u00ba PISO \u2013 Corrientes 198 \u2013 Gualeguay<\/strong><\/p>\n\n\n\n<p><strong>Fecha del concurso: d\u00edas h\u00e1biles desde el 01\/04\/2026 al 09\/04\/2026.<\/strong><\/p>\n\n\n\n<p><strong>Horario: de 17:00 a 22:00 horas<\/strong><\/p>\n\n\n\n<p><strong>Gualeguay, 31 de Marzo de 2026.<\/strong><\/p>\n\n\n<div class=\"wp-block-image\">\n<figure class=\"aligncenter size-full is-resized\"><img decoding=\"async\" loading=\"lazy\" src=\"https:\/\/iesgualeguay-ers.infd.edu.ar\/sitio\/wp-content\/uploads\/2026\/03\/Sin-titulo.jpg\" alt=\"\" class=\"wp-image-2029\" width=\"605\" height=\"48\" srcset=\"https:\/\/iesgualeguay-ers.infd.edu.ar\/sitio\/wp-content\/uploads\/2026\/03\/Sin-titulo.jpg 1221w, https:\/\/iesgualeguay-ers.infd.edu.ar\/sitio\/wp-content\/uploads\/2026\/03\/Sin-titulo-1000x79.jpg 1000w, https:\/\/iesgualeguay-ers.infd.edu.ar\/sitio\/wp-content\/uploads\/2026\/03\/Sin-titulo-768x61.jpg 768w\" sizes=\"(max-width: 605px) 100vw, 605px\" \/><\/figure><\/div>\n\n\n<p><strong>La Rector\u00eda del Instituto de Ense\u00f1anza Superior \u201cDr. Luis F. Leloir\u201d<\/strong><\/p>\n\n\n\n<p><strong>LLAMA A CONCURSO seg\u00fan Resoluciones N. \u00ba 2300\/12,<\/strong>&nbsp;<strong>&nbsp;&nbsp;Art. 5\u00b0, 6\u00b0 y 7\u00b0; &nbsp;&nbsp;N. \u00b0 1471\/16 CGE; y Res. 1500\/22 CGE, y Circular 09\/13 JC.<\/strong>&nbsp;<strong>Resoluci\u00f3n N\u00ba 2000\/22 CGE, Disposici\u00f3n 18\/23 DES.&nbsp;<\/strong>&nbsp;<strong>Circular 05\/25 JC, Circular 08\/25 JC. Res. 708\/25 CGE. Resoluci\u00f3n N\u00ba 3535\/23 CGE., Circular N\u00ba 6\/24 JC., CON PRESENTACI\u00d3N DE CARPETA DE ANTECEDENTES Y PROYECTO (deber\u00e1 presentarse en sobre cerrado, con seud\u00f3nimo. Este deber\u00e1 ser escrito en el proyecto y en el sobre), 5 d\u00edas h\u00e1biles desde el 26\/03\/2026 al 01\/04\/2026<\/strong><\/p>\n\n\n\n<p><strong>Nivel: Superior<\/strong><\/p>\n\n\n\n<p><strong>Formaci\u00f3n Docente. Presentaci\u00f3n de Proyecto y Carpeta de Antecedentes.<\/strong><\/p>\n\n\n\n<p><strong>Primer Llamado<\/strong><\/p>\n\n\n\n<p><strong>Convocatoria a concurso para cubrir horas del ciclo lectivo 2026, seg\u00fan Resoluci\u00f3n N. \u00ba 2300\/12 C.G.E., Cap\u00edtulo II, Art. 3\u00ba y Art. 9\u00ba.<\/strong><\/p>\n\n\n\n<p><strong><u>Profesorado de Educaci\u00f3n Secundaria en Geograf\u00eda&nbsp;<\/u><\/strong><strong><u>\u2013&nbsp;<\/u><\/strong><strong><u>Res. N\u00b0766\/14 CGE y Res. N. \u00b0 159\/15 CGE.<\/u><\/strong><\/p>\n\n\n\n<ul>\n<li><strong>3 hs de Unidad de Definici\u00f3n institucional UDI (Taller) \u2013. 4\u00ba a\u00f1o STF \u2013 C\u00e1tedra no compartida. Presentaci\u00f3n de proyecto. Formato Seminario. Plaza N\u00ba:826850-835333<\/strong><\/li>\n<\/ul>\n\n\n\n<p><strong>Horario:<\/strong>&nbsp;mi\u00e9rcoles de 17:20 a 18:00 hs \u2013 de 18:00 a 18:40 hs- 18:40 a 19:20 hs.<\/p>\n\n\n\n<p><strong>Perfil, seg\u00fan Resoluci\u00f3n N\u00ba0332-17 JC&nbsp;<\/strong><strong>y&nbsp;<\/strong>Resoluci\u00f3n de Consejo Directivo Institucional, Acta N.\u00ba 52 del d\u00eda 12 de noviembre de 2025<\/p>\n\n\n\n<p>Profesor de\/en: Geograf\u00eda u hom\u00f3logos. Historia y Geograf\u00eda. Geograf\u00eda y Ciencias Sociales.<\/p>\n\n\n\n<p>Geograf\u00eda y Ciencias Biol\u00f3gicas.<\/p>\n\n\n\n<p>Licenciaturas en los mismos campos del conocimiento de los mencionados anteriormente.<\/p>\n\n\n\n<p><strong>Lineamientos Generales de contenidos:<\/strong><\/p>\n\n\n\n<p>Nombre: Geograf\u00eda Social<\/p>\n\n\n\n<ul>\n<li>Geograf\u00eda de la Salud<\/li>\n\n\n\n<li>Geograf\u00eda del G\u00e9nero<\/li>\n\n\n\n<li>Geograf\u00eda del Desarrollo<\/li>\n<\/ul>\n\n\n\n<p>Observaciones: se sugiere incorporar estrategias metodol\u00f3gicas tales como estudio de casos, microgeograf\u00edas y an\u00e1lisis de situaciones a escala local. Utilizaci\u00f3n de diversidad de productos cartogr\u00e1ficos. Profundizaci\u00f3n en procesos de escritura acad\u00e9mica.<\/p>\n\n\n\n<p><strong>Condiciones pedag\u00f3gico-did\u00e1cticas:&nbsp;<\/strong>Solicitar en Secretar\u00eda Administrativa o Acad\u00e9mica&nbsp;<strong><em>Plan Marco de Definici\u00f3n Institucional<\/em><\/strong>&nbsp;de la unidad curricular.<\/p>\n\n\n\n<p><strong>Importante:&nbsp;<\/strong>Los lineamientos generales de contenidos de esta unidad est\u00e1n sujetos a modificaciones de acuerdo a las necesidades de desarrollo curricular institucional.&nbsp;<strong>Los horarios son inamovibles.<\/strong><\/p>\n\n\n\n<p>\u2014\u2014\u2014\u2014\u2014\u2014\u2014\u2014\u2014\u2014\u2014\u2014\u2014\u2014\u2014\u2014\u2014\u2014\u2014\u2014\u2014\u2014\u2014\u2014\u2014\u2014\u2014\u2014\u2014\u2014\u2014\u2014\u2014\u2014\u2014\u2014\u2014\u2014\u2014\u2014\u2014-<\/p>\n\n\n\n<p><strong>Lugar del concurso: Secretar\u00eda del I.E.S 4\u00ba PISO \u2013 Corrientes 198 \u2013 Gualeguay<\/strong><\/p>\n\n\n\n<p><strong>Fecha del concurso: 5 d\u00edas h\u00e1biles desde el 26\/03\/2026 al 01\/04\/2026.<\/strong><\/p>\n\n\n\n<p><strong>Horario: de 17:00 a 22:00 horas.<\/strong><\/p>\n\n\n<div class=\"wp-block-image\">\n<figure class=\"aligncenter size-full is-resized\"><img decoding=\"async\" loading=\"lazy\" src=\"https:\/\/iesgualeguay-ers.infd.edu.ar\/sitio\/wp-content\/uploads\/2026\/03\/Sin-titulo.jpg\" alt=\"\" class=\"wp-image-2029\" width=\"710\" height=\"56\" srcset=\"https:\/\/iesgualeguay-ers.infd.edu.ar\/sitio\/wp-content\/uploads\/2026\/03\/Sin-titulo.jpg 1221w, https:\/\/iesgualeguay-ers.infd.edu.ar\/sitio\/wp-content\/uploads\/2026\/03\/Sin-titulo-1000x79.jpg 1000w, https:\/\/iesgualeguay-ers.infd.edu.ar\/sitio\/wp-content\/uploads\/2026\/03\/Sin-titulo-768x61.jpg 768w\" sizes=\"(max-width: 710px) 100vw, 710px\" \/><\/figure><\/div>\n\n\n<p><strong>La Rector\u00eda del Instituto de Ense\u00f1anza Superior \u201cDr. Luis F. Leloir\u201d<\/strong><\/p>\n\n\n\n<p><strong>LLAMA A CONCURSO seg\u00fan Resoluciones N. \u00ba 2300\/12, Art. 5\u00b0, 6\u00b0 y 7\u00b0 CGE. N. \u00b0 1471\/16 CGE, N. y Res. 1500\/22, CGE, Resoluci\u00f3n N\u00ba 2000\/22 CGE, Circular 08\/25 JC. Res.&nbsp;<\/strong><\/p>\n\n\n\n<p><strong>Con presentaci\u00f3n de carpetas de antecedentes T\u00edtulo&nbsp; inscripto en el Consejo General de Educaci\u00f3n seg\u00fan Resoluci\u00f3n N\u00ba 0708\/25 CGE., Resoluci\u00f3n N\u00ba 3535\/23 CGE., Circular N\u00ba 6\/24 JC., Circular N\u00ba 5\/25 JC. Por 5 (cinco) d\u00edas h\u00e1biles desde el 26\/03\/2026 hasta el&nbsp; 01\/04\/2026 inclusive, a fin de cubrir horas de Nivel Superior&nbsp; que a continuaci\u00f3n se detallan<\/strong><\/p>\n\n\n\n<p><strong>Primer Llamado<\/strong><\/p>\n\n\n\n<p><strong><u>Profesorado de Educaci\u00f3n Secundaria en Matem\u00e1tica&nbsp;<\/u><\/strong><strong><u>\u2013&nbsp;<\/u><\/strong><strong><u>Res. N. \u00b0 0764\/14 CGE y Res. N. \u00b0 0725\/15 CGE.<\/u><\/strong><\/p>\n\n\n\n<ul>\n<li><strong>Pr\u00e1ctica Docente IV (Seminario \u2013Taller) \u2013 5 hs. 4\u00ba a\u00f1o STF \u2013 Equipo de c\u00e1tedra. Plaza SAGE N\u00ba: 633044-821028<\/strong><\/li>\n<\/ul>\n\n\n\n<p><strong>Horario:&nbsp;<\/strong>mi\u00e9rcoles de 17:20 a 18:00 hs., de 18:00 a 18:40 hs, de 18:40 a 19:20 hs. jueves de 16:40 a 17:20 hs., de 17:20 a 18:00 hs.<\/p>\n\n\n\n<p><strong>Perfil, seg\u00fan Resoluci\u00f3n&nbsp;<\/strong><strong>N. \u00ba 245-17 JC<\/strong>:<\/p>\n\n\n\n<p><strong>Perfil Generalista<\/strong><\/p>\n\n\n\n<p>Profesor de\/en: Pedagog\u00eda u hom\u00f3logos. Ciencias de la Educaci\u00f3n u hom\u00f3logos. Filosof\u00eda, Psicolog\u00eda y Pedagog\u00eda.&nbsp; Filosof\u00eda y Pedagog\u00eda. Filosof\u00eda, Psicolog\u00eda y Ciencias de la Educaci\u00f3n. Profesor de Sociolog\u00eda. Psicolog\u00eda y Ciencias de la Educaci\u00f3n. Pedagog\u00eda y Ciencias de la Educaci\u00f3n. Filosof\u00eda y Ciencias de la Educaci\u00f3n. Psicolog\u00eda y Pedagog\u00eda.<\/p>\n\n\n\n<p>Licenciaturas en los mismos campos del conocimiento de los t\u00edtulos mencionados anteriormente.<\/p>\n\n\n\n<p><strong><u>Profesorado de Educaci\u00f3n Secundaria en Historia&nbsp;<\/u><\/strong><strong><u>\u2013&nbsp;<\/u><\/strong><strong><u>Res. N\u00b0765\/14 CGE y Res. N. \u00b0 156\/15 CGE.<\/u><\/strong><\/p>\n\n\n\n<ul>\n<li><strong>Pedagog\u00eda (Asignatura)- 3 hs. \u2013<\/strong>&nbsp;<strong>1\u00b0 a\u00f1o STF \u2013 C\u00e1tedra no compartida. Plaza SAGE N\u00ba: 851286.<\/strong><\/li>\n\n\n\n<li><\/li>\n<\/ul>\n\n\n\n<p><strong>Horario:&nbsp;<\/strong>mi\u00e9rcoles: de 20:50 a 21:30 hs. \u2013 jueves de 19:25 a 20:05, de 20:05 a 20:45 hs.<\/p>\n\n\n\n<p><strong>Perfil, seg\u00fan Resoluci\u00f3n N\u00ba0348-17 JC:<\/strong><\/p>\n\n\n\n<p>Profesor de\/en: Pedagog\u00eda u hom\u00f3logos. Ciencias de la Educaci\u00f3n u hom\u00f3logos. Filosof\u00eda u hom\u00f3logos. Filosof\u00eda, Psicolog\u00eda y Pedagog\u00eda. Filosof\u00eda y Pedagog\u00eda. Filosof\u00eda, Psicolog\u00eda y Ciencias de la Educaci\u00f3n. Pedagog\u00eda y Ciencias de la Educaci\u00f3n. Filosof\u00eda y Ciencias de la Educaci\u00f3n. Psicolog\u00eda y Ciencias de la Educaci\u00f3n.<\/p>\n\n\n\n<p>Licenciaturas en el mismo campo del conocimiento de los t\u00edtulos mencionados anteriormente.<\/p>\n\n\n\n<p><strong><u>Profesorado de Educaci\u00f3n Secundaria en Biolog\u00eda&nbsp;<\/u><\/strong><strong><u>\u2013&nbsp;<\/u><\/strong><strong><u>Res. N. \u00b0 0761\/14 CGE y Res. N. \u00b0 0147\/15 CGE.<\/u><\/strong><\/p>\n\n\n\n<ul>\n<li><strong>Pedagog\u00eda (Asignatura)- 3 hs. \u2013<\/strong>&nbsp;<strong>1\u00b0 a\u00f1o STF \u2013 C\u00e1tedra no compartida. Plaza SAGE N\u00ba: 834681-520625<\/strong><\/li>\n<\/ul>\n\n\n\n<p><strong>Horario:&nbsp;<\/strong>lunes: de 17:20 a 18:00 hs. \u201318:00 a 18:40 hs \u2013 18:40 a 19:20 hs.<\/p>\n\n\n\n<p><strong>Perfil, seg\u00fan Resoluci\u00f3n N\u00ba0348-17 JC:<\/strong><\/p>\n\n\n\n<p>Profesor de\/en: Pedagog\u00eda u hom\u00f3logos. Ciencias de la Educaci\u00f3n u hom\u00f3logos. Filosof\u00eda u hom\u00f3logos. Filosof\u00eda, Psicolog\u00eda y Pedagog\u00eda. Filosof\u00eda y Pedagog\u00eda. Filosof\u00eda, Psicolog\u00eda y Ciencias de la Educaci\u00f3n. Pedagog\u00eda y Ciencias de la Educaci\u00f3n. Filosof\u00eda y Ciencias de la Educaci\u00f3n. Psicolog\u00eda y Ciencias de la Educaci\u00f3n.<\/p>\n\n\n\n<p>Licenciaturas en el mismo campo del conocimiento de los t\u00edtulos mencionados anteriormente.<\/p>\n\n\n\n<p>\u2014\u2014\u2014\u2014\u2014\u2014\u2014\u2014\u2014\u2014\u2014\u2014\u2014\u2014\u2014\u2014\u2014\u2014\u2014\u2014\u2014\u2014\u2014\u2014\u2014\u2014\u2014\u2014\u2014\u2014\u2014\u2014\u2014\u2014\u2014\u2014\u2014\u2014\u2014\u2014\u2014-<\/p>\n\n\n\n<p><strong>Lugar del concurso: Secretar\u00eda del I.E.S 4\u00ba PISO \u2013 Corrientes 198 \u2013 Gualeguay<\/strong><\/p>\n\n\n\n<p><strong>Fecha del concurso: desde el 26\/03\/2026 al 01\/04\/2026<\/strong><\/p>\n\n\n\n<p><strong>Horario: de 17:30 a 19:30 horas<\/strong><\/p>\n\n\n<div class=\"wp-block-image\">\n<figure class=\"aligncenter size-full is-resized\"><img decoding=\"async\" loading=\"lazy\" src=\"https:\/\/iesgualeguay-ers.infd.edu.ar\/sitio\/wp-content\/uploads\/2026\/03\/Sin-titulo.jpg\" alt=\"\" class=\"wp-image-2029\" width=\"805\" height=\"64\" srcset=\"https:\/\/iesgualeguay-ers.infd.edu.ar\/sitio\/wp-content\/uploads\/2026\/03\/Sin-titulo.jpg 1221w, https:\/\/iesgualeguay-ers.infd.edu.ar\/sitio\/wp-content\/uploads\/2026\/03\/Sin-titulo-1000x79.jpg 1000w, https:\/\/iesgualeguay-ers.infd.edu.ar\/sitio\/wp-content\/uploads\/2026\/03\/Sin-titulo-768x61.jpg 768w\" sizes=\"(max-width: 805px) 100vw, 805px\" \/><\/figure><\/div>\n\n\n<p><strong>La Rector\u00eda del Instituto de Ense\u00f1anza Superior \u201cDr. Luis F. Leloir\u201d<\/strong><\/p>\n\n\n\n<p><strong>LLAMA A CONCURSO seg\u00fan Resoluciones N. \u00ba 2300\/12, N. \u00b0 1471\/16 CGE, N. y Res. 1500\/22 CGE, Resoluci\u00f3n N\u00ba 2000\/22 CGE, Res N: 3535\/23 CGE, Circular N\u00ba 6\/24 JC, Res N\u00ba: 708\/25 CGE y la Circular 05\/25 JC. Circular 08\/25 JC. Res. 708\/25 CGE.<\/strong><\/p>\n\n\n\n<p><strong>Nivel: Superior<\/strong><\/p>\n\n\n\n<p><strong>Formaci\u00f3n Docente. Carpeta de Antecedentes. T\u00edtulo&nbsp; inscripto en el Consejo General de Educaci\u00f3n. Por 5 (cinco) d\u00edas h\u00e1biles desde el 26\/03\/2026 al 01\/04\/2026.<\/strong><\/p>\n\n\n\n<p><strong>Primer Llamado<\/strong><\/p>\n\n\n\n<p><strong><u>Profesorado de Educaci\u00f3n Secundaria en Geograf\u00eda&nbsp;<\/u><\/strong><strong><u>\u2013&nbsp;<\/u><\/strong><strong><u>Res. N\u00b0766\/14 CGE y Res. N. \u00b0 159\/15 CGE.<\/u><\/strong><\/p>\n\n\n\n<ul>\n<li><strong>Naturaleza y Sociedad II (Asignatura)- 4 hs. \u2013 3\u00b0 a\u00f1o STF -C\u00e1tedra no compartida. Plazas SAGE N\u00ba: 789277-799000<\/strong><\/li>\n<\/ul>\n\n\n\n<p><strong>Horario: lunes de 18:00 a 18:40 hs- 18:40 a 19:20 hs y mi\u00e9rcoles: de 20:50 a 21:30 hs, de 21:30 a 22:10 hs.<\/strong><\/p>\n\n\n\n<p>Perfil, seg\u00fan Resoluci\u00f3n N\u00ba0332-17 JC:<\/p>\n\n\n\n<p>Profesor de\/en: Geograf\u00eda u hom\u00f3logos. Historia y Geograf\u00eda. Geograf\u00eda y Ciencias Sociales. Geograf\u00eda y Ciencias Biol\u00f3gicas. Geolog\u00eda. Edafolog\u00eda. Ciencias Naturales u hom\u00f3logos. Ciencias Biol\u00f3gicas u hom\u00f3logos. Biolog\u00eda u hom\u00f3logos. Ciencias Agrarias y\/o Agropecuarias. Saneamiento Ambiental.<\/p>\n\n\n\n<p>Licenciaturas en los mismos campos del conocimiento de los t\u00edtulos mencionados anteriormente. Agrimensor.<\/p>\n\n\n\n<ul>\n<li><strong>Cultura y Problem\u00e1ticas Ambientales \u2013 (Asignatura) 3 hs. STF- Plazas SAGE N\u00ba: 833880-826852-<\/strong><\/li>\n<\/ul>\n\n\n\n<p><strong>&nbsp;Horario: Lunes de 20:05 a 20:45 hs y jueves de 20:05 a 20:45 hs de 20:50 a &nbsp;21:30 hs.<\/strong><\/p>\n\n\n\n<p>Perfil requerido seg\u00fan Resoluci\u00f3n N\u00ba0332-17 JC:<\/p>\n\n\n\n<p>Ciencias Biol\u00f3gicas u hom\u00f3logos. Biolog\u00eda u hom\u00f3logos. Ciencias Naturales u hom\u00f3logos. Ciencias Biol\u00f3gicas y Qu\u00edmicas. Ciencias Exactas y Naturales Geograf\u00eda u hom\u00f3logos. Historia y Geograf\u00eda. Geograf\u00eda y Ciencias Sociales. Geograf\u00eda y Ciencias Biol\u00f3gicas.<\/p>\n\n\n\n<p>Licenciaturas en el mismo campo del conocimiento de los t\u00edtulos mencionados anteriormente.<\/p>\n\n\n\n<ul>\n<li><strong>Geotecnolog\u00eda-Taller 3 hs STF- Plazas SAGE N\u00ba: 86687-826851<\/strong><\/li>\n<\/ul>\n\n\n\n<p><strong>Horario: lunes de 19:25 a 20:05 hs. martes 19:25 a 20:05 hs \u2013de 20:05 a 20:45 hs.<\/strong><\/p>\n\n\n\n<p>Geograf\u00eda u hom\u00f3logos. Historia y Geograf\u00eda. Geograf\u00eda y Ciencias Sociales. Geograf\u00eda y Ciencias Biol\u00f3gicas.<\/p>\n\n\n\n<p>Licenciaturas en los mismos campos del conocimiento de los t\u00edtulos mencionados anteriormente.<\/p>\n\n\n\n<p><strong>Importante: Los horarios son inamovibles.<\/strong><\/p>\n\n\n\n<p><strong>___________________________________________________________________<\/strong><\/p>\n\n\n\n<p><strong>Lugar del concurso: Secretar\u00eda del I.E.S 4\u00ba PISO \u2013 Corrientes 198 \u2013 Gualeguay.<\/strong><\/p>\n\n\n\n<p><strong>Fecha del concurso: d\u00edas h\u00e1biles desde el 26\/03\/2026 al 01\/04\/2026.<\/strong><\/p>\n\n\n\n<p><strong>Horario: de 17:00 a 22:00 horas.<\/strong><\/p>\n\n\n\n<p><\/p>\n","protected":false},"excerpt":{"rendered":"<p>La Rector\u00eda del Instituto de Ense\u00f1anza Superior \u201cDr. Luis F. Leloir\u201d LLAMA A CONCURSO seg\u00fan Resoluciones N. \u00ba 2300\/12, N. \u00b0 1471\/16 CGE, N. y Res. 1500\/22 CGE, Resoluci\u00f3n N\u00ba 2000\/22 CGE, Res N: 3535\/23 CGE, Circular N\u00ba 6\/24 JC, Res N\u00ba: 708\/25 CGE y la Circular 05\/25 JC. Circular 08\/25 JC. Res. 708\/25 CGE. &#8230; <a title=\"Concursos\" class=\"read-more\" href=\"https:\/\/iesgualeguay-ers.infd.edu.ar\/sitio\/concursos\/\" aria-label=\"More on Concursos\">[+]<\/a><\/p>\n","protected":false},"author":217,"featured_media":0,"parent":0,"menu_order":0,"comment_status":"closed","ping_status":"closed","template":"","meta":[],"acf":[],"_links":{"self":[{"href":"https:\/\/iesgualeguay-ers.infd.edu.ar\/sitio\/wp-json\/wp\/v2\/pages\/1966"}],"collection":[{"href":"https:\/\/iesgualeguay-ers.infd.edu.ar\/sitio\/wp-json\/wp\/v2\/pages"}],"about":[{"href":"https:\/\/iesgualeguay-ers.infd.edu.ar\/sitio\/wp-json\/wp\/v2\/types\/page"}],"author":[{"embeddable":true,"href":"https:\/\/iesgualeguay-ers.infd.edu.ar\/sitio\/wp-json\/wp\/v2\/users\/217"}],"replies":[{"embeddable":true,"href":"https:\/\/iesgualeguay-ers.infd.edu.ar\/sitio\/wp-json\/wp\/v2\/comments?post=1966"}],"version-history":[{"count":17,"href":"https:\/\/iesgualeguay-ers.infd.edu.ar\/sitio\/wp-json\/wp\/v2\/pages\/1966\/revisions"}],"predecessor-version":[{"id":2147,"href":"https:\/\/iesgualeguay-ers.infd.edu.ar\/sitio\/wp-json\/wp\/v2\/pages\/1966\/revisions\/2147"}],"wp:attachment":[{"href":"https:\/\/iesgualeguay-ers.infd.edu.ar\/sitio\/wp-json\/wp\/v2\/media?parent=1966"}],"curies":[{"name":"wp","href":"https:\/\/api.w.org\/{rel}","templated":true}]}}