{"id":2128,"date":"2026-08-04T20:30:10","date_gmt":"2026-08-04T23:30:10","guid":{"rendered":"https:\/\/iesgualeguay-ers.infd.edu.ar\/sitio\/?page_id=2128"},"modified":"2026-08-05T20:42:28","modified_gmt":"2026-08-05T23:42:28","slug":"actividades-2026","status":"publish","type":"page","link":"https:\/\/iesgualeguay-ers.infd.edu.ar\/sitio\/actividades-2026\/","title":{"rendered":"Actividades 2026"},"content":{"rendered":"\n<p>Durante una enriquecedora salida educativa, estudiantes del Profesorado de Historia recorrieron espacios de profundo valor hist\u00f3rico y patrimonial: la r\u00e9plica de la tumba de Tutankam\u00f3n, el Vesubio y Mansi\u00f3n Ser\u00e9, estos dos \u00faltimos reconocidos como sitios de memoria por haber funcionado como centros clandestinos de detenci\u00f3n durante la \u00faltima dictadura c\u00edvico-militar argentina.<\/p>\n\n\n\n<p>Una experiencia que permiti\u00f3 vincular los contenidos trabajados en la formaci\u00f3n con el patrimonio hist\u00f3rico y la construcci\u00f3n de la memoria, promoviendo la reflexi\u00f3n cr\u00edtica y el compromiso con los derechos humanos.<\/p>\n\n\n<div class=\"wp-block-image\">\n<figure class=\"aligncenter is-resized\"><img decoding=\"async\" loading=\"lazy\" src=\"https:\/\/iesgualeguay-ers.infd.edu.ar\/sitio\/wp-content\/uploads\/2026\/08\/image.png\" alt=\"\" class=\"wp-image-2121\" width=\"895\" height=\"331\" srcset=\"https:\/\/iesgualeguay-ers.infd.edu.ar\/sitio\/wp-content\/uploads\/2026\/08\/image.png 1472w, https:\/\/iesgualeguay-ers.infd.edu.ar\/sitio\/wp-content\/uploads\/2026\/08\/image-1000x370.png 1000w, https:\/\/iesgualeguay-ers.infd.edu.ar\/sitio\/wp-content\/uploads\/2026\/08\/image-768x284.png 768w\" sizes=\"(max-width: 895px) 100vw, 895px\" \/><\/figure><\/div>\n\n\n<figure class=\"wp-block-image\"><img decoding=\"async\" loading=\"lazy\" width=\"1221\" height=\"97\" src=\"https:\/\/iesgualeguay-ers.infd.edu.ar\/sitio\/wp-content\/uploads\/2026\/04\/Sin-titulo-2.jpg\" alt=\"\" class=\"wp-image-2090\" srcset=\"https:\/\/iesgualeguay-ers.infd.edu.ar\/sitio\/wp-content\/uploads\/2026\/04\/Sin-titulo-2.jpg 1221w, https:\/\/iesgualeguay-ers.infd.edu.ar\/sitio\/wp-content\/uploads\/2026\/04\/Sin-titulo-2-1000x79.jpg 1000w, https:\/\/iesgualeguay-ers.infd.edu.ar\/sitio\/wp-content\/uploads\/2026\/04\/Sin-titulo-2-768x61.jpg 768w\" sizes=\"(max-width: 1221px) 100vw, 1221px\" \/><\/figure>\n\n\n\n<p>En el D\u00eda de la Bandera, conmemoramos el legado de Manuel Belgrano y renovamos nuestro compromiso con los valores que nuestra ense\u00f1a patria representa.<\/p>\n\n\n\n<p>Agradecemos especialmente al Profesorado de Historia por la organizaci\u00f3n y realizaci\u00f3n del acto conmemorativo, as\u00ed como por su dedicaci\u00f3n en la construcci\u00f3n de espacios que fortalecen la memoria, la identidad y el respeto por nuestra historia.<\/p>\n\n\n\n<p>Felicitamos a docentes y estudiantes que participaron de esta significativa jornada de reflexi\u00f3n y encuentro.<\/p>\n\n\n\n<p>\u00a1Feliz D\u00eda de la Bandera!<\/p>\n\n\n<div class=\"wp-block-image\">\n<figure class=\"aligncenter is-resized\"><img decoding=\"async\" loading=\"lazy\" src=\"https:\/\/iesgualeguay-ers.infd.edu.ar\/sitio\/wp-content\/uploads\/2026\/08\/image-3-1900x715.png\" alt=\"\" class=\"wp-image-2124\" width=\"888\" height=\"331\"\/><\/figure><\/div>\n\n<div class=\"wp-block-image\">\n<figure class=\"aligncenter is-resized\"><img decoding=\"async\" loading=\"lazy\" src=\"https:\/\/iesgualeguay-ers.infd.edu.ar\/sitio\/wp-content\/uploads\/2026\/04\/Sin-titulo-2.jpg\" alt=\"\" class=\"wp-image-2090\" width=\"711\" height=\"56\" srcset=\"https:\/\/iesgualeguay-ers.infd.edu.ar\/sitio\/wp-content\/uploads\/2026\/04\/Sin-titulo-2.jpg 1221w, https:\/\/iesgualeguay-ers.infd.edu.ar\/sitio\/wp-content\/uploads\/2026\/04\/Sin-titulo-2-1000x79.jpg 1000w, https:\/\/iesgualeguay-ers.infd.edu.ar\/sitio\/wp-content\/uploads\/2026\/04\/Sin-titulo-2-768x61.jpg 768w\" sizes=\"(max-width: 711px) 100vw, 711px\" \/><\/figure><\/div>\n\n\n<p>Gracias a todos los que colaboraron para que los estudiantes del Instituto Adveniat y Leloir, concretaran el encuentro con <a rel=\"noreferrer noopener\" href=\"https:\/\/l.facebook.com\/l.php?u=https%3A%2F%2Fwww.instagram.com%2F_u%2Frebecaanijovich%3Ffbclid%3DIwZXh0bgNhZW0CMTAAYnJpZBExOXhTT2tyNjF5NFVLejFQRXNydGMGYXBwX2lkEDIyMjAzOTE3ODgyMDA4OTIAAR60sLZHI_N6Niz88ysPPepVl0uavpXZl1gy8n2wANOcIzLpjN3uppiKAL5TMw_aem_x4DZnI51S4GCATTR_kKjWA&amp;h=AUBhEBT8lNZWkqRWdbbeB-ozbi6qO8RMVTdlSUreZ3Nh8Mte9BOgBpEfd5vYXAIeH6nAaEWvtwsxgipB8-KPr8Gxurl8rjAxajrz3vq1uOdOdGq7NnXrxjYMHFaTMrlALg&amp;__tn__=-UK-R&amp;c[0]=AUDdbkhgcTzJzQr6nyt2K8G8_HryKLvnSHt2iqTq3hXX76zALQczYM3Iu9dEcEdS90iorjml4BJ4FVEjvqpXUXSX-0X82YietC2jEIhhXKWwtWrHi526XX7Xa_WStKcy0BE7iXzvEkwBz_JunC47jPub5YRIFqfj5exRanxEmTkMBOs2YxgMf1V0GZ-Q\" target=\"_blank\">@rebecaanijovich<\/a>. Hermosa tarde compartida. Gracias Rebeca por tu enorme generosidad<\/p>\n\n\n<div class=\"wp-block-image\">\n<figure class=\"aligncenter size-full is-resized\"><img decoding=\"async\" loading=\"lazy\" src=\"https:\/\/iesgualeguay-ers.infd.edu.ar\/sitio\/wp-content\/uploads\/2026\/08\/Organizan-e-Invitan-Centros-de-Estudiantes-de-Instituto-Adveniat-e-Instituto-Leloir.png\" alt=\"\" class=\"wp-image-2133\" width=\"507\" height=\"719\" srcset=\"https:\/\/iesgualeguay-ers.infd.edu.ar\/sitio\/wp-content\/uploads\/2026\/08\/Organizan-e-Invitan-Centros-de-Estudiantes-de-Instituto-Adveniat-e-Instituto-Leloir.png 1054w, https:\/\/iesgualeguay-ers.infd.edu.ar\/sitio\/wp-content\/uploads\/2026\/08\/Organizan-e-Invitan-Centros-de-Estudiantes-de-Instituto-Adveniat-e-Instituto-Leloir-706x1000.png 706w, https:\/\/iesgualeguay-ers.infd.edu.ar\/sitio\/wp-content\/uploads\/2026\/08\/Organizan-e-Invitan-Centros-de-Estudiantes-de-Instituto-Adveniat-e-Instituto-Leloir-768x1087.png 768w\" sizes=\"(max-width: 507px) 100vw, 507px\" \/><\/figure><\/div>\n\n<div class=\"wp-block-image\">\n<figure class=\"aligncenter size-full is-resized\"><img decoding=\"async\" loading=\"lazy\" src=\"https:\/\/iesgualeguay-ers.infd.edu.ar\/sitio\/wp-content\/uploads\/2026\/04\/Sin-titulo-2.jpg\" alt=\"\" class=\"wp-image-2090\" width=\"734\" height=\"58\" srcset=\"https:\/\/iesgualeguay-ers.infd.edu.ar\/sitio\/wp-content\/uploads\/2026\/04\/Sin-titulo-2.jpg 1221w, https:\/\/iesgualeguay-ers.infd.edu.ar\/sitio\/wp-content\/uploads\/2026\/04\/Sin-titulo-2-1000x79.jpg 1000w, https:\/\/iesgualeguay-ers.infd.edu.ar\/sitio\/wp-content\/uploads\/2026\/04\/Sin-titulo-2-768x61.jpg 768w\" sizes=\"(max-width: 734px) 100vw, 734px\" \/><\/figure><\/div>\n\n\n<p>La Revoluci\u00f3n de Mayo marc\u00f3 el inicio de un camino hacia la libertad y la construcci\u00f3n de una identidad nacional. Hoy, reafirmados el valor de la formaci\u00f3n, la investigaci\u00f3n y el compromiso social como pilares para seguir construyendo futuro. 25 de Mayo D\u00eda de la Patria <img decoding=\"async\" loading=\"lazy\" height=\"16\" width=\"16\" src=\"https:\/\/static.xx.fbcdn.net\/images\/emoji.php\/v9\/t48\/1\/16\/1f1e6_1f1f7.png\" alt=\"&#x1f1e6;&#x1f1f7;\"><\/p>\n\n\n<div class=\"wp-block-image\">\n<figure class=\"aligncenter size-large is-resized\"><img decoding=\"async\" loading=\"lazy\" src=\"https:\/\/iesgualeguay-ers.infd.edu.ar\/sitio\/wp-content\/uploads\/2026\/08\/image-4-1900x665.png\" alt=\"\" class=\"wp-image-2134\" width=\"889\" height=\"311\" srcset=\"https:\/\/iesgualeguay-ers.infd.edu.ar\/sitio\/wp-content\/uploads\/2026\/08\/image-4-1900x665.png 1900w, https:\/\/iesgualeguay-ers.infd.edu.ar\/sitio\/wp-content\/uploads\/2026\/08\/image-4-1000x350.png 1000w, https:\/\/iesgualeguay-ers.infd.edu.ar\/sitio\/wp-content\/uploads\/2026\/08\/image-4-768x269.png 768w, https:\/\/iesgualeguay-ers.infd.edu.ar\/sitio\/wp-content\/uploads\/2026\/08\/image-4-1536x538.png 1536w, https:\/\/iesgualeguay-ers.infd.edu.ar\/sitio\/wp-content\/uploads\/2026\/08\/image-4-2048x717.png 2048w\" sizes=\"(max-width: 889px) 100vw, 889px\" \/><\/figure><\/div>\n\n<div class=\"wp-block-image\">\n<figure class=\"aligncenter size-full is-resized\"><img decoding=\"async\" loading=\"lazy\" src=\"https:\/\/iesgualeguay-ers.infd.edu.ar\/sitio\/wp-content\/uploads\/2026\/04\/Sin-titulo-2.jpg\" alt=\"\" class=\"wp-image-2090\" width=\"803\" height=\"64\" srcset=\"https:\/\/iesgualeguay-ers.infd.edu.ar\/sitio\/wp-content\/uploads\/2026\/04\/Sin-titulo-2.jpg 1221w, https:\/\/iesgualeguay-ers.infd.edu.ar\/sitio\/wp-content\/uploads\/2026\/04\/Sin-titulo-2-1000x79.jpg 1000w, https:\/\/iesgualeguay-ers.infd.edu.ar\/sitio\/wp-content\/uploads\/2026\/04\/Sin-titulo-2-768x61.jpg 768w\" sizes=\"(max-width: 803px) 100vw, 803px\" \/><\/figure><\/div>\n\n\n<p>Presentaci\u00f3n del libro \u201cLeonor\u201d <img decoding=\"async\" loading=\"lazy\" height=\"16\" width=\"16\" src=\"https:\/\/static.xx.fbcdn.net\/images\/emoji.php\/v9\/tf4\/1\/16\/2728.png\" alt=\"&#x2728;\"> Con mucha alegr\u00eda compartimos el d\u00eda de ayer la presentaci\u00f3n del libro \u201cLeonor\u201d, de la profesora Florencia Akiki. <br>Durante el encuentro pudimos conocer m\u00e1s sobre esta obra, que invita a recorrer una historia atravesada por la sensibilidad, la memoria y las emociones, generando un valioso espacio de reflexi\u00f3n y di\u00e1logo entre los presentes. <br>Agradecemos a la profesora Florencia Akiki por compartir su trabajo, su tiempo y su mirada con nuestra comunidad. <br>Gracias a todas las personas que nos acompa\u00f1aron y participaron de esta hermosa jornada literaria.<\/p>\n\n\n<div class=\"wp-block-image\">\n<figure class=\"aligncenter size-full is-resized\"><img decoding=\"async\" loading=\"lazy\" src=\"https:\/\/iesgualeguay-ers.infd.edu.ar\/sitio\/wp-content\/uploads\/2026\/08\/image-5.png\" alt=\"\" class=\"wp-image-2137\" width=\"729\" height=\"361\" srcset=\"https:\/\/iesgualeguay-ers.infd.edu.ar\/sitio\/wp-content\/uploads\/2026\/08\/image-5.png 1533w, https:\/\/iesgualeguay-ers.infd.edu.ar\/sitio\/wp-content\/uploads\/2026\/08\/image-5-1000x495.png 1000w, https:\/\/iesgualeguay-ers.infd.edu.ar\/sitio\/wp-content\/uploads\/2026\/08\/image-5-768x380.png 768w\" sizes=\"(max-width: 729px) 100vw, 729px\" \/><\/figure><\/div>\n\n<div class=\"wp-block-image\">\n<figure class=\"aligncenter size-full is-resized\"><img decoding=\"async\" loading=\"lazy\" src=\"https:\/\/iesgualeguay-ers.infd.edu.ar\/sitio\/wp-content\/uploads\/2026\/04\/Sin-titulo-1.jpg\" alt=\"\" class=\"wp-image-2059\" width=\"734\" height=\"58\" srcset=\"https:\/\/iesgualeguay-ers.infd.edu.ar\/sitio\/wp-content\/uploads\/2026\/04\/Sin-titulo-1.jpg 1221w, https:\/\/iesgualeguay-ers.infd.edu.ar\/sitio\/wp-content\/uploads\/2026\/04\/Sin-titulo-1-1000x79.jpg 1000w, https:\/\/iesgualeguay-ers.infd.edu.ar\/sitio\/wp-content\/uploads\/2026\/04\/Sin-titulo-1-768x61.jpg 768w\" sizes=\"(max-width: 734px) 100vw, 734px\" \/><\/figure><\/div>\n\n\n<p>Clase de UDI en el Laboratorio <img decoding=\"async\" loading=\"lazy\" height=\"16\" width=\"16\" src=\"https:\/\/static.xx.fbcdn.net\/images\/emoji.php\/v9\/t7e\/1\/16\/1f52c.png\" alt=\"&#x1f52c;\"><br>Los estudiantes de 3er a\u00f1o del Profesorado de Biolog\u00eda, junto con el Profesor Corradi Brian, llevaron adelante una experiencia de laboratorio centrada en el estudio de los tejidos vegetales, observando y analizando diferentes muestras mediante el uso del microscopio.<br>Durante la jornada, se promovi\u00f3 el desarrollo de competencias cient\u00edficas fundamentales: la observaci\u00f3n, la formulaci\u00f3n de hip\u00f3tesis, el registro de datos, el an\u00e1lisis e interpretaci\u00f3n de resultados y el trabajo colaborativo, comprendiendo a la ciencia como un proceso din\u00e1mico de construcci\u00f3n de conocimientos.<\/p>\n\n\n<div class=\"wp-block-image\">\n<figure class=\"aligncenter size-full is-resized\"><img decoding=\"async\" loading=\"lazy\" src=\"https:\/\/iesgualeguay-ers.infd.edu.ar\/sitio\/wp-content\/uploads\/2026\/08\/image-6.png\" alt=\"\" class=\"wp-image-2138\" width=\"783\" height=\"352\" srcset=\"https:\/\/iesgualeguay-ers.infd.edu.ar\/sitio\/wp-content\/uploads\/2026\/08\/image-6.png 1721w, https:\/\/iesgualeguay-ers.infd.edu.ar\/sitio\/wp-content\/uploads\/2026\/08\/image-6-1000x451.png 1000w, https:\/\/iesgualeguay-ers.infd.edu.ar\/sitio\/wp-content\/uploads\/2026\/08\/image-6-768x346.png 768w, https:\/\/iesgualeguay-ers.infd.edu.ar\/sitio\/wp-content\/uploads\/2026\/08\/image-6-1536x693.png 1536w\" sizes=\"(max-width: 783px) 100vw, 783px\" \/><\/figure><\/div>\n\n<div class=\"wp-block-image\">\n<figure class=\"aligncenter size-full is-resized\"><img decoding=\"async\" loading=\"lazy\" src=\"https:\/\/iesgualeguay-ers.infd.edu.ar\/sitio\/wp-content\/uploads\/2026\/04\/Sin-titulo-2.jpg\" alt=\"\" class=\"wp-image-2090\" width=\"783\" height=\"62\" srcset=\"https:\/\/iesgualeguay-ers.infd.edu.ar\/sitio\/wp-content\/uploads\/2026\/04\/Sin-titulo-2.jpg 1221w, https:\/\/iesgualeguay-ers.infd.edu.ar\/sitio\/wp-content\/uploads\/2026\/04\/Sin-titulo-2-1000x79.jpg 1000w, https:\/\/iesgualeguay-ers.infd.edu.ar\/sitio\/wp-content\/uploads\/2026\/04\/Sin-titulo-2-768x61.jpg 768w\" sizes=\"(max-width: 783px) 100vw, 783px\" \/><\/figure><\/div>\n\n\n<p>Las estudiantes de 4to a\u00f1o del profesorado de Historia Merini Noelia y Morilla Florencia junto a la profesora Valentina Gonz\u00e1lez Fara realizaron un recorrido virtual sobre el Cementerio de nuestra ciudad. <br><a href=\"https:\/\/www.facebook.com\/share\/v\/19EigWaMH7\/\">Link al video<\/a><\/p>\n\n\n<div class=\"wp-block-image\">\n<figure class=\"aligncenter size-full is-resized\"><img decoding=\"async\" loading=\"lazy\" src=\"https:\/\/iesgualeguay-ers.infd.edu.ar\/sitio\/wp-content\/uploads\/2026\/04\/Sin-titulo-2.jpg\" alt=\"\" class=\"wp-image-2090\" width=\"788\" height=\"63\" srcset=\"https:\/\/iesgualeguay-ers.infd.edu.ar\/sitio\/wp-content\/uploads\/2026\/04\/Sin-titulo-2.jpg 1221w, https:\/\/iesgualeguay-ers.infd.edu.ar\/sitio\/wp-content\/uploads\/2026\/04\/Sin-titulo-2-1000x79.jpg 1000w, https:\/\/iesgualeguay-ers.infd.edu.ar\/sitio\/wp-content\/uploads\/2026\/04\/Sin-titulo-2-768x61.jpg 768w\" sizes=\"(max-width: 788px) 100vw, 788px\" \/><\/figure><\/div>\n\n\n<p>Trabajo con fuentes primarias, realizado el 8 de mayo, C\u00e1tedra UDI, 3er a\u00f1o del Profesorado de Historia. Realizado en la Biblioteca Carlos Mastronardi y su hemeroteca. Profesor Sergio Vegas.<br><a href=\"https:\/\/www.facebook.com\/share\/r\/1EmCvzArLm\/\">Link al video<\/a><\/p>\n\n\n<div class=\"wp-block-image\">\n<figure class=\"aligncenter size-full is-resized\"><img decoding=\"async\" loading=\"lazy\" src=\"https:\/\/iesgualeguay-ers.infd.edu.ar\/sitio\/wp-content\/uploads\/2026\/04\/Sin-titulo-2.jpg\" alt=\"\" class=\"wp-image-2090\" width=\"797\" height=\"63\" srcset=\"https:\/\/iesgualeguay-ers.infd.edu.ar\/sitio\/wp-content\/uploads\/2026\/04\/Sin-titulo-2.jpg 1221w, https:\/\/iesgualeguay-ers.infd.edu.ar\/sitio\/wp-content\/uploads\/2026\/04\/Sin-titulo-2-1000x79.jpg 1000w, https:\/\/iesgualeguay-ers.infd.edu.ar\/sitio\/wp-content\/uploads\/2026\/04\/Sin-titulo-2-768x61.jpg 768w\" sizes=\"(max-width: 797px) 100vw, 797px\" \/><\/figure><\/div>\n\n\n<p>Se desarroll\u00f3 exitosamente una edici\u00f3n m\u00e1s del Conversatorio sobre Modalidades del Nivel Secundario, un espacio de encuentro, reflexi\u00f3n e intercambio de experiencias que permiti\u00f3 seguir fortaleciendo el di\u00e1logo y la construcci\u00f3n colectiva en torno a la educaci\u00f3n. Agradecemos a todas las personas que participaron por su compromiso para hacer posible una jornada enriquecedora y significativa para toda la comunidad educativa.<\/p>\n\n\n<div class=\"wp-block-image\">\n<figure class=\"aligncenter size-large is-resized\"><img decoding=\"async\" loading=\"lazy\" src=\"https:\/\/iesgualeguay-ers.infd.edu.ar\/sitio\/wp-content\/uploads\/2026\/08\/image-7-1900x1274.png\" alt=\"\" class=\"wp-image-2144\" width=\"670\" height=\"448\" srcset=\"https:\/\/iesgualeguay-ers.infd.edu.ar\/sitio\/wp-content\/uploads\/2026\/08\/image-7-1900x1274.png 1900w, https:\/\/iesgualeguay-ers.infd.edu.ar\/sitio\/wp-content\/uploads\/2026\/08\/image-7-768x515.png 768w, https:\/\/iesgualeguay-ers.infd.edu.ar\/sitio\/wp-content\/uploads\/2026\/08\/image-7-1536x1030.png 1536w\" sizes=\"(max-width: 670px) 100vw, 670px\" \/><\/figure><\/div>","protected":false},"excerpt":{"rendered":"<p>Durante una enriquecedora salida educativa, estudiantes del Profesorado de Historia recorrieron espacios de profundo valor hist\u00f3rico y patrimonial: la r\u00e9plica de la tumba de Tutankam\u00f3n, el Vesubio y Mansi\u00f3n Ser\u00e9, estos dos \u00faltimos reconocidos como sitios de memoria por haber funcionado como centros clandestinos de detenci\u00f3n durante la \u00faltima dictadura c\u00edvico-militar argentina. Una experiencia que &#8230; <a title=\"Actividades 2026\" class=\"read-more\" href=\"https:\/\/iesgualeguay-ers.infd.edu.ar\/sitio\/actividades-2026\/\" aria-label=\"More on Actividades 2026\">[+]<\/a><\/p>\n","protected":false},"author":217,"featured_media":0,"parent":0,"menu_order":0,"comment_status":"closed","ping_status":"closed","template":"","meta":[],"acf":[],"_links":{"self":[{"href":"https:\/\/iesgualeguay-ers.infd.edu.ar\/sitio\/wp-json\/wp\/v2\/pages\/2128"}],"collection":[{"href":"https:\/\/iesgualeguay-ers.infd.edu.ar\/sitio\/wp-json\/wp\/v2\/pages"}],"about":[{"href":"https:\/\/iesgualeguay-ers.infd.edu.ar\/sitio\/wp-json\/wp\/v2\/types\/page"}],"author":[{"embeddable":true,"href":"https:\/\/iesgualeguay-ers.infd.edu.ar\/sitio\/wp-json\/wp\/v2\/users\/217"}],"replies":[{"embeddable":true,"href":"https:\/\/iesgualeguay-ers.infd.edu.ar\/sitio\/wp-json\/wp\/v2\/comments?post=2128"}],"version-history":[{"count":6,"href":"https:\/\/iesgualeguay-ers.infd.edu.ar\/sitio\/wp-json\/wp\/v2\/pages\/2128\/revisions"}],"predecessor-version":[{"id":2145,"href":"https:\/\/iesgualeguay-ers.infd.edu.ar\/sitio\/wp-json\/wp\/v2\/pages\/2128\/revisions\/2145"}],"wp:attachment":[{"href":"https:\/\/iesgualeguay-ers.infd.edu.ar\/sitio\/wp-json\/wp\/v2\/media?parent=2128"}],"curies":[{"name":"wp","href":"https:\/\/api.w.org\/{rel}","templated":true}]}}